{"id":7787,"date":"2025-10-24T09:30:49","date_gmt":"2025-10-24T07:30:49","guid":{"rendered":"https:\/\/bordeauxgsef2025.org\/?page_id=7787"},"modified":"2025-10-24T10:47:02","modified_gmt":"2025-10-24T08:47:02","slug":"les-publications","status":"publish","type":"page","link":"https:\/\/bordeauxgsef2025.org\/es\/les-publications\/","title":{"rendered":"Las publicaciones"},"content":{"rendered":"<div style=\"height:15px\" aria-hidden=\"true\" class=\"wp-block-spacer\"><\/div>\n\n\n<div class=\"yoast-breadcrumbs\"><span><span><a href=\"https:\/\/bordeauxgsef2025.org\/es\/\">Inicio<\/a><\/span> \u00bb <span class=\"breadcrumb_last\" aria-current=\"page\"><strong>Las publicaciones<\/strong><\/span><\/span><\/div>\n\n\n<div style=\"height:15px\" aria-hidden=\"true\" class=\"wp-block-spacer\"><\/div>\n\n\n\n<div class=\"wp-block-columns is-layout-flex wp-container-core-columns-is-layout-28f84493 wp-block-columns-is-layout-flex\">\n<div class=\"wp-block-column is-layout-flow wp-block-column-is-layout-flow\" style=\"flex-basis:40%\">\n<figure class=\"wp-block-image size-large\"><img fetchpriority=\"high\" decoding=\"async\" width=\"1024\" height=\"742\" sizes=\"(max-width: 1024px) 100vw, 1024px\" src=\"https:\/\/dev.bordeauxgsef2025.org\/wp-content\/uploads\/2024\/10\/gsef-bx-2025-icono2-1024x742.png\" alt=\"\" class=\"wp-image-1357\" srcset=\"https:\/\/bordeauxgsef2025.org\/wp-content\/uploads\/2024\/10\/gsef-bx-2025-icono2-1024x742.png 1024w, https:\/\/bordeauxgsef2025.org\/wp-content\/uploads\/2024\/10\/gsef-bx-2025-icono2-300x217.png 300w, https:\/\/bordeauxgsef2025.org\/wp-content\/uploads\/2024\/10\/gsef-bx-2025-icono2-768x557.png 768w, https:\/\/bordeauxgsef2025.org\/wp-content\/uploads\/2024\/10\/gsef-bx-2025-icono2-18x12.png 18w, https:\/\/bordeauxgsef2025.org\/wp-content\/uploads\/2024\/10\/gsef-bx-2025-icono2.png 1098w\" \/><\/figure>\n<\/div>\n\n\n\n<div class=\"wp-block-column is-vertically-aligned-center has-text-color has-link-color wp-elements-7a4424c78395e5c6ce47f7982e63077f is-layout-flow wp-block-column-is-layout-flow\" style=\"color:#1e4b98;flex-basis:60%\">\n<h1 class=\"wp-block-heading has-large-font-size\"><strong><mark style=\"background-color:rgba(0, 0, 0, 0);color:#1e4b98\" class=\"has-inline-color\">El Foro Global de la ESS<\/mark><br><mark style=\"background-color:rgba(0, 0, 0, 0);color:#009541\" class=\"has-inline-color\">Burdeos<\/mark>\u00a0<mark style=\"background-color:rgba(0, 0, 0, 0);color:#1e4b98\" class=\"has-inline-color\">GSEF<\/mark>\u00a0<mark style=\"background-color:rgba(0, 0, 0, 0);color:#e4003e\" class=\"has-inline-color\">2025<\/mark><\/strong><\/h1>\n\n\n\n<p style=\"font-size:16px\"><strong>Aqu\u00ed encontrar\u00e1 publicaciones directamente relacionadas con el Foro para prolongar (o anticipar) su participaci\u00f3n en determinadas secuencias.<\/strong><\/p>\n<\/div>\n<\/div>\n\n\n\n<div style=\"height:15px\" aria-hidden=\"true\" class=\"wp-block-spacer\"><\/div>\n\n\n\n<h1 class=\"wp-block-heading\"><strong>Las publicaciones<\/strong><\/h1>\n\n\n\n<div class=\"wp-block-columns bloc-blanc  has-white-background-color has-background is-layout-flex wp-container-core-columns-is-layout-28f84493 wp-block-columns-is-layout-flex\">\n<div class=\"wp-block-column is-layout-flow wp-block-column-is-layout-flow\">\n<div style=\"height:2px\" aria-hidden=\"true\" class=\"wp-block-spacer\"><\/div>\n\n\n\n<h2 class=\"wp-block-heading has-text-align-left\" id=\"formats\"><strong>Las pol\u00edticas locales de ESS al servicio de la transici\u00f3n socioecol\u00f3gica<\/strong><\/h2>\n\n\n\n<div class=\"wp-block-columns is-layout-flex wp-container-core-columns-is-layout-28f84493 wp-block-columns-is-layout-flex\">\n<div class=\"wp-block-column is-vertically-aligned-center is-layout-flow wp-block-column-is-layout-flow\" style=\"flex-basis:66.66%\">\n<p style=\"font-size:16px\">Las pol\u00edticas locales de ESS al servicio de la transici\u00f3n socioecol\u00f3gica re\u00fane diecisiete documentos de trabajo que responden a una convocatoria de contribuciones lanzada por el grupo de trabajo \u00abInvestigaci\u00f3n\u00bb del GSEF. Procedentes de todo el mundo, estos trabajos ofrecen una panor\u00e1mica de las diferentes pol\u00edticas p\u00fablicas locales, directas e indirectas, de apoyo a la econom\u00eda social y solidaria. Las escalas var\u00edan, por ejemplo, desde peque\u00f1os municipios (El Hoyo) hasta ciudades m\u00e1s grandes (Burdeos, Grenoble, Montreal). Los textos tambi\u00e9n identifican contextos en los que las pol\u00edticas locales se derivan de pol\u00edticas elaboradas a niveles superiores, como las pol\u00edticas provinciales (Gangwon) o nacionales (Marruecos, Hait\u00ed). Por \u00faltimo, los ejemplos demuestran la gran diversidad de la ESS, que va desde un festival cultural en una zona rural (Italia) hasta bancos comunitarios y municipales (Brasil). Estos documentos de trabajo multiling\u00fces, que re\u00fanen textos redactados en ingl\u00e9s, espa\u00f1ol y franc\u00e9s, ponen de relieve los procesos de (co)construcci\u00f3n de las pol\u00edticas locales a trav\u00e9s de las experiencias de institucionalizaci\u00f3n de la econom\u00eda social y solidaria, que a veces son fruto de la colaboraci\u00f3n con los actores sobre el terreno y otras veces de una recuperaci\u00f3n pol\u00edtica.<\/p>\n<\/div>\n\n\n\n<div class=\"wp-block-column is-vertically-aligned-center is-layout-flow wp-block-column-is-layout-flow\" style=\"flex-basis:33.33%\">\n<figure class=\"wp-block-image aligncenter size-large is-resized\"><img data-dominant-color=\"dde6e6\" data-has-transparency=\"false\" decoding=\"async\" width=\"724\" height=\"1024\" sizes=\"(max-width: 724px) 100vw, 724px\" src=\"https:\/\/bordeauxgsef2025.org\/wp-content\/uploads\/2025\/10\/local-SSE-policies-724x1024.png\" alt=\"\" class=\"wp-image-7756 not-transparent\" style=\"--dominant-color: #dde6e6; width:240px\" srcset=\"https:\/\/bordeauxgsef2025.org\/wp-content\/uploads\/2025\/10\/local-SSE-policies-724x1024.png 724w, https:\/\/bordeauxgsef2025.org\/wp-content\/uploads\/2025\/10\/local-SSE-policies-212x300.png 212w, https:\/\/bordeauxgsef2025.org\/wp-content\/uploads\/2025\/10\/local-SSE-policies-768x1086.png 768w, https:\/\/bordeauxgsef2025.org\/wp-content\/uploads\/2025\/10\/local-SSE-policies-1086x1536.png 1086w, https:\/\/bordeauxgsef2025.org\/wp-content\/uploads\/2025\/10\/local-SSE-policies-8x12.png 8w, https:\/\/bordeauxgsef2025.org\/wp-content\/uploads\/2025\/10\/local-SSE-policies.png 1448w\" \/><\/figure>\n<\/div>\n<\/div>\n\n\n\n<p style=\"font-size:16px\"><em>Todos estos textos estar\u00e1n disponibles de forma gratuita y libre acceso en la\u00a0<strong><a href=\"https:\/\/www.gsef-net.org\/es\" target=\"_blank\" rel=\"noreferrer noopener\">p\u00e1gina web del Gsef<\/a>\u00a0<\/strong>en formato PDF.<\/em><\/p>\n\n\n\n<p><strong><mark style=\"background-color:rgba(0, 0, 0, 0)\" class=\"has-inline-color has-vert-color\">Evento del foro relacionado: Plenaria \u00abLas pol\u00edticas locales de ESS: \u00bfqu\u00e9 ambici\u00f3n para cambiar de escala?\u00bb \u2013 De 16:30 a 17:30 el mi\u00e9rcoles 29 de octubre<\/mark><\/strong><\/p>\n\n\n\n<div style=\"height:15px\" aria-hidden=\"true\" class=\"wp-block-spacer\"><\/div>\n<\/div>\n<\/div>\n\n\n\n<div class=\"wp-block-columns bloc-blanc  has-white-background-color has-background is-layout-flex wp-container-core-columns-is-layout-28f84493 wp-block-columns-is-layout-flex\">\n<div class=\"wp-block-column is-layout-flow wp-block-column-is-layout-flow\">\n<div style=\"height:2px\" aria-hidden=\"true\" class=\"wp-block-spacer\"><\/div>\n\n\n\n<h2 class=\"wp-block-heading has-text-align-left\" id=\"formats\"><strong>La ESS en Nueva Aquitania, una contribuci\u00f3n esencial para alcanzar los objetivos de desarrollo sostenible<\/strong><\/h2>\n\n\n\n<div class=\"wp-block-columns is-layout-flex wp-container-core-columns-is-layout-28f84493 wp-block-columns-is-layout-flex\">\n<div class=\"wp-block-column is-vertically-aligned-center is-layout-flow wp-block-column-is-layout-flow\" style=\"flex-basis:66.66%\">\n<p style=\"font-size:16px\">La publicaci\u00f3n, realizada bajo el impulso de la C\u00e1tedra Territorios de la ESS (TerrESS) de Sciences Po Bordeaux y de la C\u00e1mara Regional de la ESS de Nueva Aquitania, con el apoyo del Grupo VYV, tiene como objetivo dar cuenta de la contribuci\u00f3n del territorio de Nueva Aquitania a la hoja de ruta mundial de los 17 Objetivos de Desarrollo Sostenible (ODS). Ilustra de manera concreta el lugar que ocupa la Econom\u00eda Social y Solidaria (ESS), no al margen, sino en el centro de la din\u00e1mica de transici\u00f3n econ\u00f3mica, social y ecol\u00f3gica, con el apoyo de expertos, instituciones p\u00fablicas, redes regionales e investigadores.<\/p>\n\n\n\n<p style=\"font-size:16px\">Esta iniciativa se inscribe en el contexto de la hist\u00f3rica resoluci\u00f3n de la ONU adoptada el 18 de abril de 2023, que reconoce a la ESS como actor en la consecuci\u00f3n de los ODS. El folleto recoge numerosas iniciativas en Nueva Aquitania, que van desde cooperativas de energ\u00eda ciudadana hasta proyectos de reutilizaci\u00f3n, agricultura sostenible o inclusi\u00f3n digital, situ\u00e1ndolas en este marco de referencia mundial. La ESS se describe como una piedra angular de las transiciones gracias a su modo de acci\u00f3n estructural basado en el ODS 17 (alianzas y cooperaci\u00f3n).<\/p>\n<\/div>\n\n\n\n<div class=\"wp-block-column is-vertically-aligned-center is-layout-flow wp-block-column-is-layout-flow\" style=\"flex-basis:33.33%\">\n<figure class=\"wp-block-image aligncenter size-full is-resized\"><img data-dominant-color=\"856d92\" data-has-transparency=\"false\" decoding=\"async\" width=\"580\" height=\"809\" sizes=\"(max-width: 580px) 100vw, 580px\" src=\"https:\/\/bordeauxgsef2025.org\/wp-content\/uploads\/2025\/10\/ESS-en-NA.png\" alt=\"\" class=\"wp-image-7771 not-transparent\" style=\"--dominant-color: #856d92; width:240px\" srcset=\"https:\/\/bordeauxgsef2025.org\/wp-content\/uploads\/2025\/10\/ESS-en-NA.png 580w, https:\/\/bordeauxgsef2025.org\/wp-content\/uploads\/2025\/10\/ESS-en-NA-215x300.png 215w, https:\/\/bordeauxgsef2025.org\/wp-content\/uploads\/2025\/10\/ESS-en-NA-9x12.png 9w\" \/><\/figure>\n<\/div>\n<\/div>\n\n\n\n<p style=\"font-size:16px\"><em><em>Distribuci\u00f3n de la publicaci\u00f3n durante el foro, sitio web de la\u00a0<strong><a href=\"https:\/\/www.cress-na.org\/\" target=\"_blank\" rel=\"noreferrer noopener\">C\u00e1mara Regional de la ESS de Nueva Aquitania<\/a><\/strong>\u00a0y de la\u00a0<a href=\"https:\/\/chaireterres.hypotheses.org\/\" target=\"_blank\" rel=\"noreferrer noopener\"><strong>C\u00e1tedra Territorios de la ESS<\/strong><\/a><\/em>.<\/em><\/p>\n\n\n\n<div style=\"height:15px\" aria-hidden=\"true\" class=\"wp-block-spacer\"><\/div>\n<\/div>\n<\/div>\n\n\n\n<div class=\"wp-block-columns bloc-blanc  has-white-background-color has-background is-layout-flex wp-container-core-columns-is-layout-28f84493 wp-block-columns-is-layout-flex\">\n<div class=\"wp-block-column is-layout-flow wp-block-column-is-layout-flow\">\n<div style=\"height:2px\" aria-hidden=\"true\" class=\"wp-block-spacer\"><\/div>\n\n\n\n<h2 class=\"wp-block-heading has-text-align-left\" id=\"formats\"><strong>\u00bfNo hay alternativa? Foco en la econom\u00eda social y solidaria<\/strong><\/h2>\n\n\n\n<div class=\"wp-block-columns is-layout-flex wp-container-core-columns-is-layout-28f84493 wp-block-columns-is-layout-flex\">\n<div class=\"wp-block-column is-vertically-aligned-center is-layout-flow wp-block-column-is-layout-flow\" style=\"flex-basis:60%\">\n<p style=\"font-size:16px\">El mundo est\u00e1 en crisis y los retos son vertiginosos. Mientras se multiplican las tensiones, los miedos y, sobre todo, la impotencia, solo parece haber una salida posible: la competencia desmedida y los sacrificios individuales. Sin embargo, existen alternativas y, entre ellas, la econom\u00eda social y solidaria (ESS) es una de las m\u00e1s antiguas, pero tambi\u00e9n una de las m\u00e1s fruct\u00edferas. Ideas y acciones: en todo el mundo, sus actores desarrollan, ayer como hoy, otras formas de producir, compartir, proteger o innovar, al servicio del ser humano y del planeta. Con motivo del foro mundial que se celebra en Francia, la Fundaci\u00f3n Jean-Jaur\u00e8s, la ciudad de Burdeos y Upcoop le invitan a descubrir los actores, las ideas, los lugares y las pr\u00e1cticas que construyen cada d\u00eda, en los cinco continentes, esta alternativa tan importante y m\u00e1s viva que nunca. \u00bfLe apetece vivir y actuar en un futuro diferente? \u00a1D\u00e9 una vuelta al planeta ESS!<\/p>\n<\/div>\n\n\n\n<div class=\"wp-block-column is-vertically-aligned-center is-layout-flow wp-block-column-is-layout-flow\" style=\"flex-basis:40%\">\n<figure class=\"wp-block-image aligncenter size-full is-resized\"><img data-dominant-color=\"f2e1cf\" data-has-transparency=\"true\" loading=\"lazy\" decoding=\"async\" width=\"1131\" height=\"726\" sizes=\"(max-width: 1131px) 100vw, 1131px\" src=\"https:\/\/bordeauxgsef2025.org\/wp-content\/uploads\/2025\/10\/No-alternative.png\" alt=\"\" class=\"wp-image-7802 has-transparency\" style=\"--dominant-color: #f2e1cf; width:370px\" srcset=\"https:\/\/bordeauxgsef2025.org\/wp-content\/uploads\/2025\/10\/No-alternative.png 1131w, https:\/\/bordeauxgsef2025.org\/wp-content\/uploads\/2025\/10\/No-alternative-300x193.png 300w, https:\/\/bordeauxgsef2025.org\/wp-content\/uploads\/2025\/10\/No-alternative-1024x657.png 1024w, https:\/\/bordeauxgsef2025.org\/wp-content\/uploads\/2025\/10\/No-alternative-768x493.png 768w, https:\/\/bordeauxgsef2025.org\/wp-content\/uploads\/2025\/10\/No-alternative-18x12.png 18w\" \/><\/figure>\n<\/div>\n<\/div>\n\n\n\n<p style=\"font-size:16px\"><em>En el Foro, en los stands de Upcoop y de la ciudad de Burdeos, en la <a href=\"https:\/\/www.helloasso.com\/associations\/fondation-jean-jaures\/boutiques\/la-boutique-de-la-fondation-jean-jaures\"><strong>librer\u00eda HelloAsso de la Fundaci\u00f3n Jean-Jaur\u00e8s<\/strong><\/a> y en las buenas librer\u00edas.<\/em><\/p>\n\n\n\n<p><strong><mark style=\"background-color:rgba(0, 0, 0, 0)\" class=\"has-inline-color has-vert-color\">Evento del foro relacionado: Mesa redonda \u00ab\u00bfNo hay alternativa? Un recorrido por el planeta ESS\u00bb el mi\u00e9rcoles 29 de octubre a las 11:05<\/mark><\/strong><\/p>\n\n\n\n<div style=\"height:15px\" aria-hidden=\"true\" class=\"wp-block-spacer\"><\/div>\n<\/div>\n<\/div>","protected":false},"excerpt":{"rendered":"<p>Le Forum mondial de l\u2019ESSBordeaux\u00a0GSEF\u00a02025 Vous trouverez ici les publications en lien direct avec le Forum pour prolonger (ou anticiper) votre participation \u00e0 certaines s\u00e9quences. Les publications Les Politiques locales d\u2019ESS au service de la transition socio-\u00e9cologique Les Politiques locales d\u2019ESS au service de la transition socio-\u00e9cologique rassemble dix-sept working papers r\u00e9pondant \u00e0 un appel [&hellip;]<\/p>","protected":false},"author":3,"featured_media":0,"parent":0,"menu_order":0,"comment_status":"closed","ping_status":"closed","template":"","meta":{"_acf_changed":false,"advgb_blocks_editor_width":"","advgb_blocks_columns_visual_guide":"","footnotes":""},"class_list":["post-7787","page","type-page","status-publish","hentry"],"acf":[],"yoast_head":"<!-- This site is optimized with the Yoast SEO plugin v26.5 - https:\/\/yoast.com\/wordpress\/plugins\/seo\/ -->\n<title>Les publications &#8226; FORUM MONDIAL DE l&#039;\u00c9CONOMIE SOCIALE ET SOLIDAIRE<\/title>\n<meta name=\"robots\" content=\"index, follow, max-snippet:-1, max-image-preview:large, max-video-preview:-1\" \/>\n<link rel=\"canonical\" href=\"https:\/\/bordeauxgsef2025.org\/es\/les-publications\/\" \/>\n<meta property=\"og:locale\" content=\"es_ES\" \/>\n<meta property=\"og:type\" content=\"article\" \/>\n<meta property=\"og:title\" content=\"Les publications &#8226; FORUM MONDIAL DE l&#039;\u00c9CONOMIE SOCIALE ET SOLIDAIRE\" \/>\n<meta property=\"og:description\" content=\"Le Forum mondial de l\u2019ESSBordeaux\u00a0GSEF\u00a02025 Vous trouverez ici les publications en lien direct avec le Forum pour prolonger (ou anticiper) votre participation \u00e0 certaines s\u00e9quences. Les publications Les Politiques locales d\u2019ESS au service de la transition socio-\u00e9cologique Les Politiques locales d\u2019ESS au service de la transition socio-\u00e9cologique rassemble dix-sept working papers r\u00e9pondant \u00e0 un appel [&hellip;]\" \/>\n<meta property=\"og:url\" content=\"https:\/\/bordeauxgsef2025.org\/es\/les-publications\/\" \/>\n<meta property=\"og:site_name\" content=\"FORUM MONDIAL DE l&#039;\u00c9CONOMIE SOCIALE ET SOLIDAIRE\" \/>\n<meta property=\"article:publisher\" content=\"https:\/\/www.facebook.com\/BordeauxGSEF2025\/\" \/>\n<meta property=\"article:modified_time\" content=\"2025-10-24T08:47:02+00:00\" \/>\n<meta property=\"og:image\" content=\"https:\/\/bordeauxgsef2025.org\/wp-content\/uploads\/2024\/10\/gsef-bx-2025-icono2.png\" \/>\n\t<meta property=\"og:image:width\" content=\"1098\" \/>\n\t<meta property=\"og:image:height\" content=\"796\" \/>\n\t<meta property=\"og:image:type\" content=\"image\/png\" \/>\n<meta name=\"twitter:card\" content=\"summary_large_image\" \/>\n<meta name=\"twitter:site\" content=\"@BdxGSEF2025\" \/>\n<script type=\"application\/ld+json\" class=\"yoast-schema-graph\">{\"@context\":\"https:\/\/schema.org\",\"@graph\":[{\"@type\":\"WebPage\",\"@id\":\"https:\/\/bordeauxgsef2025.org\/les-publications\/\",\"url\":\"https:\/\/bordeauxgsef2025.org\/les-publications\/\",\"name\":\"Les publications &#8226; FORUM MONDIAL DE l&#039;\u00c9CONOMIE SOCIALE ET SOLIDAIRE\",\"isPartOf\":{\"@id\":\"https:\/\/bordeauxgsef2025.org\/#website\"},\"primaryImageOfPage\":{\"@id\":\"https:\/\/bordeauxgsef2025.org\/les-publications\/#primaryimage\"},\"image\":{\"@id\":\"https:\/\/bordeauxgsef2025.org\/les-publications\/#primaryimage\"},\"thumbnailUrl\":\"https:\/\/dev.bordeauxgsef2025.org\/wp-content\/uploads\/2024\/10\/gsef-bx-2025-icono2-1024x742.png\",\"datePublished\":\"2025-10-24T07:30:49+00:00\",\"dateModified\":\"2025-10-24T08:47:02+00:00\",\"breadcrumb\":{\"@id\":\"https:\/\/bordeauxgsef2025.org\/les-publications\/#breadcrumb\"},\"inLanguage\":\"es\",\"potentialAction\":[{\"@type\":\"ReadAction\",\"target\":[\"https:\/\/bordeauxgsef2025.org\/les-publications\/\"]}]},{\"@type\":\"ImageObject\",\"inLanguage\":\"es\",\"@id\":\"https:\/\/bordeauxgsef2025.org\/les-publications\/#primaryimage\",\"url\":\"https:\/\/dev.bordeauxgsef2025.org\/wp-content\/uploads\/2024\/10\/gsef-bx-2025-icono2-1024x742.png\",\"contentUrl\":\"https:\/\/dev.bordeauxgsef2025.org\/wp-content\/uploads\/2024\/10\/gsef-bx-2025-icono2-1024x742.png\"},{\"@type\":\"BreadcrumbList\",\"@id\":\"https:\/\/bordeauxgsef2025.org\/les-publications\/#breadcrumb\",\"itemListElement\":[{\"@type\":\"ListItem\",\"position\":1,\"name\":\"Accueil\",\"item\":\"https:\/\/bordeauxgsef2025.org\/\"},{\"@type\":\"ListItem\",\"position\":2,\"name\":\"Les publications\"}]},{\"@type\":\"WebSite\",\"@id\":\"https:\/\/bordeauxgsef2025.org\/#website\",\"url\":\"https:\/\/bordeauxgsef2025.org\/\",\"name\":\"FORUM MONDIAL DE l'\u00c9CONOMIE SOCIALE ET SOLIDAIRE\",\"description\":\"Bordeaux 29 30 31 Octobre 2025\",\"publisher\":{\"@id\":\"https:\/\/bordeauxgsef2025.org\/#organization\"},\"alternateName\":\"BORDEAUX GSEF 225\",\"potentialAction\":[{\"@type\":\"SearchAction\",\"target\":{\"@type\":\"EntryPoint\",\"urlTemplate\":\"https:\/\/bordeauxgsef2025.org\/?s={search_term_string}\"},\"query-input\":{\"@type\":\"PropertyValueSpecification\",\"valueRequired\":true,\"valueName\":\"search_term_string\"}}],\"inLanguage\":\"es\"},{\"@type\":\"Organization\",\"@id\":\"https:\/\/bordeauxgsef2025.org\/#organization\",\"name\":\"FORUM MONDIAL DE l'\u00c9CONOMIE SOCIALE ET SOLIDAIRE\",\"alternateName\":\"Bordeaux Gsef 2025\",\"url\":\"https:\/\/bordeauxgsef2025.org\/\",\"logo\":{\"@type\":\"ImageObject\",\"inLanguage\":\"es\",\"@id\":\"https:\/\/bordeauxgsef2025.org\/#\/schema\/logo\/image\/\",\"url\":\"https:\/\/bordeauxgsef2025.org\/wp-content\/uploads\/2024\/10\/logo-carre-gsef2025.png\",\"contentUrl\":\"https:\/\/bordeauxgsef2025.org\/wp-content\/uploads\/2024\/10\/logo-carre-gsef2025.png\",\"width\":800,\"height\":800,\"caption\":\"FORUM MONDIAL DE l'\u00c9CONOMIE SOCIALE ET SOLIDAIRE\"},\"image\":{\"@id\":\"https:\/\/bordeauxgsef2025.org\/#\/schema\/logo\/image\/\"},\"sameAs\":[\"https:\/\/www.facebook.com\/BordeauxGSEF2025\/\",\"https:\/\/x.com\/BdxGSEF2025\",\"https:\/\/www.linkedin.com\/company\/bordeaux-gsef-2025\/\",\"https:\/\/www.instagram.com\/bordeaux_gsef2025\/\"]}]}<\/script>\n<!-- \/ Yoast SEO plugin. -->","yoast_head_json":{"title":"Les publications &#8226; FORUM MONDIAL DE l&#039;\u00c9CONOMIE SOCIALE ET SOLIDAIRE","robots":{"index":"index","follow":"follow","max-snippet":"max-snippet:-1","max-image-preview":"max-image-preview:large","max-video-preview":"max-video-preview:-1"},"canonical":"https:\/\/bordeauxgsef2025.org\/es\/les-publications\/","og_locale":"es_ES","og_type":"article","og_title":"Les publications &#8226; FORUM MONDIAL DE l&#039;\u00c9CONOMIE SOCIALE ET SOLIDAIRE","og_description":"Le Forum mondial de l\u2019ESSBordeaux\u00a0GSEF\u00a02025 Vous trouverez ici les publications en lien direct avec le Forum pour prolonger (ou anticiper) votre participation \u00e0 certaines s\u00e9quences. Les publications Les Politiques locales d\u2019ESS au service de la transition socio-\u00e9cologique Les Politiques locales d\u2019ESS au service de la transition socio-\u00e9cologique rassemble dix-sept working papers r\u00e9pondant \u00e0 un appel [&hellip;]","og_url":"https:\/\/bordeauxgsef2025.org\/es\/les-publications\/","og_site_name":"FORUM MONDIAL DE l&#039;\u00c9CONOMIE SOCIALE ET SOLIDAIRE","article_publisher":"https:\/\/www.facebook.com\/BordeauxGSEF2025\/","article_modified_time":"2025-10-24T08:47:02+00:00","og_image":[{"width":1098,"height":796,"url":"https:\/\/bordeauxgsef2025.org\/wp-content\/uploads\/2024\/10\/gsef-bx-2025-icono2.png","type":"image\/png"}],"twitter_card":"summary_large_image","twitter_site":"@BdxGSEF2025","schema":{"@context":"https:\/\/schema.org","@graph":[{"@type":"WebPage","@id":"https:\/\/bordeauxgsef2025.org\/les-publications\/","url":"https:\/\/bordeauxgsef2025.org\/les-publications\/","name":"Les publications &#8226; FORUM MONDIAL DE l&#039;\u00c9CONOMIE SOCIALE ET SOLIDAIRE","isPartOf":{"@id":"https:\/\/bordeauxgsef2025.org\/#website"},"primaryImageOfPage":{"@id":"https:\/\/bordeauxgsef2025.org\/les-publications\/#primaryimage"},"image":{"@id":"https:\/\/bordeauxgsef2025.org\/les-publications\/#primaryimage"},"thumbnailUrl":"https:\/\/dev.bordeauxgsef2025.org\/wp-content\/uploads\/2024\/10\/gsef-bx-2025-icono2-1024x742.png","datePublished":"2025-10-24T07:30:49+00:00","dateModified":"2025-10-24T08:47:02+00:00","breadcrumb":{"@id":"https:\/\/bordeauxgsef2025.org\/les-publications\/#breadcrumb"},"inLanguage":"es","potentialAction":[{"@type":"ReadAction","target":["https:\/\/bordeauxgsef2025.org\/les-publications\/"]}]},{"@type":"ImageObject","inLanguage":"es","@id":"https:\/\/bordeauxgsef2025.org\/les-publications\/#primaryimage","url":"https:\/\/dev.bordeauxgsef2025.org\/wp-content\/uploads\/2024\/10\/gsef-bx-2025-icono2-1024x742.png","contentUrl":"https:\/\/dev.bordeauxgsef2025.org\/wp-content\/uploads\/2024\/10\/gsef-bx-2025-icono2-1024x742.png"},{"@type":"BreadcrumbList","@id":"https:\/\/bordeauxgsef2025.org\/les-publications\/#breadcrumb","itemListElement":[{"@type":"ListItem","position":1,"name":"Accueil","item":"https:\/\/bordeauxgsef2025.org\/"},{"@type":"ListItem","position":2,"name":"Les publications"}]},{"@type":"WebSite","@id":"https:\/\/bordeauxgsef2025.org\/#website","url":"https:\/\/bordeauxgsef2025.org\/","name":"FORUM MONDIAL DE l'\u00c9CONOMIE SOCIALE ET SOLIDAIRE","description":"Bordeaux 29 30 31 Octobre 2025","publisher":{"@id":"https:\/\/bordeauxgsef2025.org\/#organization"},"alternateName":"BORDEAUX GSEF 225","potentialAction":[{"@type":"SearchAction","target":{"@type":"EntryPoint","urlTemplate":"https:\/\/bordeauxgsef2025.org\/?s={search_term_string}"},"query-input":{"@type":"PropertyValueSpecification","valueRequired":true,"valueName":"search_term_string"}}],"inLanguage":"es"},{"@type":"Organization","@id":"https:\/\/bordeauxgsef2025.org\/#organization","name":"FORUM MONDIAL DE l'\u00c9CONOMIE SOCIALE ET SOLIDAIRE","alternateName":"Bordeaux Gsef 2025","url":"https:\/\/bordeauxgsef2025.org\/","logo":{"@type":"ImageObject","inLanguage":"es","@id":"https:\/\/bordeauxgsef2025.org\/#\/schema\/logo\/image\/","url":"https:\/\/bordeauxgsef2025.org\/wp-content\/uploads\/2024\/10\/logo-carre-gsef2025.png","contentUrl":"https:\/\/bordeauxgsef2025.org\/wp-content\/uploads\/2024\/10\/logo-carre-gsef2025.png","width":800,"height":800,"caption":"FORUM MONDIAL DE l'\u00c9CONOMIE SOCIALE ET SOLIDAIRE"},"image":{"@id":"https:\/\/bordeauxgsef2025.org\/#\/schema\/logo\/image\/"},"sameAs":["https:\/\/www.facebook.com\/BordeauxGSEF2025\/","https:\/\/x.com\/BdxGSEF2025","https:\/\/www.linkedin.com\/company\/bordeaux-gsef-2025\/","https:\/\/www.instagram.com\/bordeaux_gsef2025\/"]}]}},"coauthors":[],"author_meta":{"author_link":"https:\/\/bordeauxgsef2025.org\/es\/author\/lorena\/","display_name":"Lorena Lacombe"},"relative_dates":{"created":"Publicado 6 meses hace","modified":"Actualizado 6 meses hace"},"absolute_dates":{"created":"Publicado el 24 octubre 2025","modified":"Actualizado el 24 octubre 2025"},"absolute_dates_time":{"created":"Publicado el 24 octubre 2025 9h30","modified":"Actualizado el 24 octubre 2025 10h47"},"featured_img_caption":"","featured_img":false,"series_order":"","_links":{"self":[{"href":"https:\/\/bordeauxgsef2025.org\/es\/wp-json\/wp\/v2\/pages\/7787","targetHints":{"allow":["GET"]}}],"collection":[{"href":"https:\/\/bordeauxgsef2025.org\/es\/wp-json\/wp\/v2\/pages"}],"about":[{"href":"https:\/\/bordeauxgsef2025.org\/es\/wp-json\/wp\/v2\/types\/page"}],"author":[{"embeddable":true,"href":"https:\/\/bordeauxgsef2025.org\/es\/wp-json\/wp\/v2\/users\/3"}],"replies":[{"embeddable":true,"href":"https:\/\/bordeauxgsef2025.org\/es\/wp-json\/wp\/v2\/comments?post=7787"}],"version-history":[{"count":13,"href":"https:\/\/bordeauxgsef2025.org\/es\/wp-json\/wp\/v2\/pages\/7787\/revisions"}],"predecessor-version":[{"id":7809,"href":"https:\/\/bordeauxgsef2025.org\/es\/wp-json\/wp\/v2\/pages\/7787\/revisions\/7809"}],"wp:attachment":[{"href":"https:\/\/bordeauxgsef2025.org\/es\/wp-json\/wp\/v2\/media?parent=7787"}],"curies":[{"name":"wp","href":"https:\/\/api.w.org\/{rel}","templated":true}]}}