{"id":4721,"date":"2025-04-17T17:06:07","date_gmt":"2025-04-17T15:06:07","guid":{"rendered":"https:\/\/bordeauxgsef2025.org\/?page_id=4721"},"modified":"2025-09-29T10:54:46","modified_gmt":"2025-09-29T08:54:46","slug":"jeuness","status":"publish","type":"page","link":"https:\/\/bordeauxgsef2025.org\/es\/jeuness\/","title":{"rendered":"Jeun&rsquo;ESS"},"content":{"rendered":"<div class=\"yoast-breadcrumbs\"><span><span><a href=\"https:\/\/bordeauxgsef2025.org\/es\/\">Inicio<\/a><\/span> \u00bb <span class=\"breadcrumb_last\" aria-current=\"page\"><strong>Jeun&rsquo;ESS<\/strong><\/span><\/span><\/div>\n\n\n<div style=\"height:20px\" aria-hidden=\"true\" class=\"wp-block-spacer\"><\/div>\n\n\n\n<h1 class=\"wp-block-heading\"><strong>Din\u00e1mica Joven'ESS<\/strong><\/h1>\n\n\n\n<p class=\"has-text-color has-link-color wp-elements-60fd995613c569eb2f1c17a5db89f8df\" style=\"color:#1e4b98\"><strong>Desde su creaci\u00f3n en 2013, el GSEF siempre ha reconocido la importancia de implicar a los j\u00f3venes en la Econom\u00eda Social y Solidaria (ESS)<\/strong>.<br>Mediante actos internacionales, una defensa comprometida y una din\u00e1mica continental estructurada, el GSEF pone de relieve el papel central de los j\u00f3venes en las transiciones sociales, econ\u00f3micas y medioambientales.<\/p>\n\n\n\n<div style=\"height:20px\" aria-hidden=\"true\" class=\"wp-block-spacer\"><\/div>\n\n\n\n\n\n<div class=\"wp-block-columns bloc-blanc  has-white-background-color has-background is-layout-flex wp-container-core-columns-is-layout-28f84493 wp-block-columns-is-layout-flex\">\n<div class=\"wp-block-column is-vertically-aligned-stretch is-layout-flow wp-block-column-is-layout-flow\" style=\"flex-basis:100%\">\n<div class=\"wp-block-group is-content-justification-left is-nowrap is-layout-flex wp-container-core-group-is-layout-fc9f69e7 wp-block-group-is-layout-flex\">\n<div class=\"wp-block-columns has-white-background-color has-background is-layout-flex wp-container-core-columns-is-layout-c6bc58be wp-block-columns-is-layout-flex\" style=\"padding-top:0px;padding-right:0px;padding-bottom:0px;padding-left:0px\">\n<div class=\"wp-block-column is-layout-flow wp-block-column-is-layout-flow\" style=\"flex-basis:20%\">\n<figure class=\"wp-block-gallery has-nested-images columns-default is-cropped wp-block-gallery-2 is-layout-flex wp-block-gallery-is-layout-flex\">\n<figure class=\"wp-block-image size-full\"><img fetchpriority=\"high\" decoding=\"async\" width=\"458\" height=\"459\" sizes=\"(max-width: 458px) 100vw, 458px\" data-id=\"4943\" src=\"https:\/\/bordeauxgsef2025.org\/wp-content\/uploads\/2025\/04\/badge-espanol.png\" alt=\"\" class=\"wp-image-4943\" srcset=\"https:\/\/bordeauxgsef2025.org\/wp-content\/uploads\/2025\/04\/badge-espanol.png 458w, https:\/\/bordeauxgsef2025.org\/wp-content\/uploads\/2025\/04\/badge-espanol-300x300.png 300w, https:\/\/bordeauxgsef2025.org\/wp-content\/uploads\/2025\/04\/badge-espanol-150x150.png 150w, https:\/\/bordeauxgsef2025.org\/wp-content\/uploads\/2025\/04\/badge-espanol-12x12.png 12w\" \/><\/figure>\n<\/figure>\n<\/div>\n\n\n\n<div class=\"wp-block-column is-vertically-aligned-center is-layout-flow wp-block-column-is-layout-flow\" style=\"flex-basis:90%\">\n<h2 class=\"wp-block-heading has-text-align-left\" id=\"le-pole-jeuness-ec0a6b09-e5d4-40f8-8d8a-2d5132f13c91\"><strong>Red de Joven'ESS<\/strong><\/h2>\n\n\n\n<p><mark style=\"background-color:rgba(0, 0, 0, 0)\" class=\"has-inline-color has-black-color\">En la Asamblea General del GSEF2023, celebrada en Dakar, se vot\u00f3 la creaci\u00f3n del Red de Joven'ESS para reconocer <\/mark><br><mark style=\"background-color:rgba(0, 0, 0, 0)\" class=\"has-inline-color has-black-color\">los j\u00f3venes como agentes clave para cambiar la escala de la ESS. <\/mark><\/p>\n\n\n\n<p><strong><mark style=\"background-color:rgba(0, 0, 0, 0);color:#1e4b98\" class=\"has-inline-color\">Tiene tres \u00e1reas principales de actividad:<\/mark><\/strong><\/p>\n\n\n\n<ul class=\"wp-block-list\">\n<li><strong>Sensibilizaci\u00f3n<\/strong> : promover los valores de la ESS entre los j\u00f3venes; <\/li>\n\n\n\n<li><strong>Defensa<\/strong> : potenciar el papel de los j\u00f3venes como actores de transiciones justas;<\/li>\n\n\n\n<li><strong>Ayuda<\/strong> : apoyo a proyectos de j\u00f3venes a trav\u00e9s de plataformas, incubadoras y cooperativas.<\/li>\n<\/ul>\n<\/div>\n<\/div>\n<\/div>\n\n\n\n<div class=\"wp-block-columns are-vertically-aligned-top is-layout-flex wp-container-core-columns-is-layout-08d8865c wp-block-columns-is-layout-flex\" style=\"padding-top:40px;padding-right:40px;padding-bottom:40px;padding-left:40px\">\n<div class=\"wp-block-column is-vertically-aligned-top is-layout-flow wp-block-column-is-layout-flow\">\n<p>El Red de Joven'ESS se basa en un planteamiento descentralizado con <strong>cinco din\u00e1micas continentales complementarias<\/strong>, impulsadas por copilotos continentales y reuniones peri\u00f3dicas.<\/p>\n\n\n\n<div class=\"wp-block-group is-vertical is-content-justification-left is-layout-flex wp-container-core-group-is-layout-b21d21b4 wp-block-group-is-layout-flex\">\n<div class=\"wp-block-group is-nowrap is-layout-flex wp-container-core-group-is-layout-6c531013 wp-block-group-is-layout-flex\">\n<figure class=\"wp-block-image size-full is-resized\"><img decoding=\"async\" width=\"410\" height=\"178\" sizes=\"(max-width: 410px) 100vw, 410px\" src=\"https:\/\/bordeauxgsef2025.org\/wp-content\/uploads\/2025\/04\/Capture-decran-2025-04-18-a-14.21.40.png\" alt=\"\" class=\"wp-image-4795\" style=\"width:113px\" srcset=\"https:\/\/bordeauxgsef2025.org\/wp-content\/uploads\/2025\/04\/Capture-decran-2025-04-18-a-14.21.40.png 410w, https:\/\/bordeauxgsef2025.org\/wp-content\/uploads\/2025\/04\/Capture-decran-2025-04-18-a-14.21.40-300x130.png 300w, https:\/\/bordeauxgsef2025.org\/wp-content\/uploads\/2025\/04\/Capture-decran-2025-04-18-a-14.21.40-18x8.png 18w\" \/><\/figure>\n\n\n\n<p><strong><mark style=\"background-color:rgba(0, 0, 0, 0);color:#009541\" class=\"has-inline-color\">\u00c1frica<\/mark><\/strong> :<br>ABEWE (Costa de Marfil)<\/p>\n<\/div>\n<\/div>\n\n\n\n<div class=\"wp-block-group is-vertical is-content-justification-left is-layout-flex wp-container-core-group-is-layout-b21d21b4 wp-block-group-is-layout-flex\">\n<div class=\"wp-block-group is-nowrap is-layout-flex wp-container-core-group-is-layout-6c531013 wp-block-group-is-layout-flex\">\n<figure class=\"wp-block-image size-full is-resized\"><img decoding=\"async\" width=\"629\" height=\"195\" sizes=\"(max-width: 629px) 100vw, 629px\" src=\"https:\/\/bordeauxgsef2025.org\/wp-content\/uploads\/2025\/04\/Capture-decran-2025-04-18-a-14.21.51.png\" alt=\"\" class=\"wp-image-4796\" style=\"width:113px\" srcset=\"https:\/\/bordeauxgsef2025.org\/wp-content\/uploads\/2025\/04\/Capture-decran-2025-04-18-a-14.21.51.png 629w, https:\/\/bordeauxgsef2025.org\/wp-content\/uploads\/2025\/04\/Capture-decran-2025-04-18-a-14.21.51-300x93.png 300w, https:\/\/bordeauxgsef2025.org\/wp-content\/uploads\/2025\/04\/Capture-decran-2025-04-18-a-14.21.51-18x6.png 18w\" \/><\/figure>\n\n\n\n<p class=\"has-text-align-left\"><strong><mark style=\"background-color:rgba(0, 0, 0, 0);color:#009541\" class=\"has-inline-color\">Norteam\u00e9rica<\/mark><\/strong> : <br>Aile Jeunesse du Chantier de l\u2019Economie Sociale (Quebec)<\/p>\n<\/div>\n<\/div>\n\n\n\n<div class=\"wp-block-group is-vertical is-content-justification-left is-layout-flex wp-container-core-group-is-layout-b21d21b4 wp-block-group-is-layout-flex\">\n<div class=\"wp-block-group is-nowrap is-layout-flex wp-container-core-group-is-layout-6c531013 wp-block-group-is-layout-flex\">\n<figure class=\"wp-block-image size-full is-resized\"><img loading=\"lazy\" decoding=\"async\" width=\"391\" height=\"216\" sizes=\"(max-width: 391px) 100vw, 391px\" src=\"https:\/\/bordeauxgsef2025.org\/wp-content\/uploads\/2025\/04\/Capture-decran-2025-04-18-a-14.22.03.png\" alt=\"\" class=\"wp-image-4797\" style=\"width:113px\" srcset=\"https:\/\/bordeauxgsef2025.org\/wp-content\/uploads\/2025\/04\/Capture-decran-2025-04-18-a-14.22.03.png 391w, https:\/\/bordeauxgsef2025.org\/wp-content\/uploads\/2025\/04\/Capture-decran-2025-04-18-a-14.22.03-300x166.png 300w, https:\/\/bordeauxgsef2025.org\/wp-content\/uploads\/2025\/04\/Capture-decran-2025-04-18-a-14.22.03-18x10.png 18w\" \/><\/figure>\n\n\n\n<p class=\"has-text-align-left\"><strong><mark style=\"background-color:rgba(0, 0, 0, 0);color:#009541\" class=\"has-inline-color\">Am\u00e9rica Latina y el Caribe<\/mark><\/strong> :<br>INAES - Instituto Nacional de la Econom\u00eda Social (M\u00e9xico)<\/p>\n<\/div>\n<\/div>\n\n\n\n<div class=\"wp-block-group is-vertical is-content-justification-left is-layout-flex wp-container-core-group-is-layout-b21d21b4 wp-block-group-is-layout-flex\">\n<div class=\"wp-block-group is-nowrap is-layout-flex wp-container-core-group-is-layout-6c531013 wp-block-group-is-layout-flex\">\n<figure class=\"wp-block-image size-full is-resized\"><img loading=\"lazy\" decoding=\"async\" width=\"371\" height=\"178\" sizes=\"(max-width: 371px) 100vw, 371px\" src=\"https:\/\/bordeauxgsef2025.org\/wp-content\/uploads\/2025\/04\/Capture-decran-2025-04-18-a-14.21.30.png\" alt=\"\" class=\"wp-image-4798\" style=\"width:113px\" srcset=\"https:\/\/bordeauxgsef2025.org\/wp-content\/uploads\/2025\/04\/Capture-decran-2025-04-18-a-14.21.30.png 371w, https:\/\/bordeauxgsef2025.org\/wp-content\/uploads\/2025\/04\/Capture-decran-2025-04-18-a-14.21.30-300x144.png 300w, https:\/\/bordeauxgsef2025.org\/wp-content\/uploads\/2025\/04\/Capture-decran-2025-04-18-a-14.21.30-18x9.png 18w\" \/><\/figure>\n\n\n\n<p><strong><mark style=\"background-color:rgba(0, 0, 0, 0);color:#009541\" class=\"has-inline-color\">Asia<\/mark><\/strong> :<br>Seoul Youth Hub (Corea del Sur)<\/p>\n<\/div>\n<\/div>\n\n\n\n<div class=\"wp-block-group is-vertical is-content-justification-left is-layout-flex wp-container-core-group-is-layout-b21d21b4 wp-block-group-is-layout-flex\">\n<div class=\"wp-block-group is-nowrap is-layout-flex wp-container-core-group-is-layout-6c531013 wp-block-group-is-layout-flex\">\n<figure class=\"wp-block-image size-full is-resized\"><img loading=\"lazy\" decoding=\"async\" width=\"367\" height=\"186\" sizes=\"(max-width: 367px) 100vw, 367px\" src=\"https:\/\/bordeauxgsef2025.org\/wp-content\/uploads\/2025\/04\/Capture-decran-2025-04-18-a-14.22.12.png\" alt=\"\" class=\"wp-image-4799\" style=\"width:113px\" srcset=\"https:\/\/bordeauxgsef2025.org\/wp-content\/uploads\/2025\/04\/Capture-decran-2025-04-18-a-14.22.12.png 367w, https:\/\/bordeauxgsef2025.org\/wp-content\/uploads\/2025\/04\/Capture-decran-2025-04-18-a-14.22.12-300x152.png 300w, https:\/\/bordeauxgsef2025.org\/wp-content\/uploads\/2025\/04\/Capture-decran-2025-04-18-a-14.22.12-18x9.png 18w\" \/><\/figure>\n\n\n\n<p><strong><mark style=\"background-color:rgba(0, 0, 0, 0);color:#009541\" class=\"has-inline-color\">Europa<\/mark><\/strong> : <br>R\u00e9gion Nouvelle-Aquitaine (Francia)<\/p>\n<\/div>\n<\/div>\n<\/div>\n<\/div>\n<\/div>\n<\/div>\n\n\n\n\n\n<div class=\"wp-block-columns bloc-blanc has-white-background-color has-background is-layout-flex wp-container-core-columns-is-layout-4afe9440 wp-block-columns-is-layout-flex\" style=\"padding-top:50px;padding-right:50px;padding-bottom:50px;padding-left:50px\">\n<div class=\"wp-block-column is-vertically-aligned-stretch is-layout-flow wp-block-column-is-layout-flow\" style=\"flex-basis:100%\">\n<h2 class=\"wp-block-heading has-text-align-left\" id=\"le-pole-jeuness-ec0a6b09-e5d4-40f8-8d8a-2d5132f13c91\"><strong>Hacia la defensa de los j\u00f3venes<\/strong><\/h2>\n\n\n\n<p class=\"has-text-align-left\">El impulso est\u00e1 en marcha, con el objetivo de movilizar a la gente,&nbsp;<strong>promover y hacer o\u00edr las voces de los j\u00f3venes<\/strong>&nbsp;comprometidos con transiciones sociales, econ\u00f3micas y ecol\u00f3gicas justas.<\/p>\n\n\n\n<p class=\"has-text-align-left\">Como parte de ello, se est\u00e1 desplegando&nbsp;<strong>campa\u00f1a juvenil<\/strong>&nbsp;a \u00e9t\u00e9 d\u00e9ploy\u00e9e afin de collecter les visions et les recommandations des jeunes pour construire un plaidoyer par continent. &nbsp;<\/p>\n\n\n\n<p class=\"has-text-align-left\">Durante el Foro, se organizar\u00e1 un taller para reunir estos alegatos continentales en forma de&nbsp;<strong><em>\u00ab&nbsp;D\u00e9claration internationale de la jeunesse pour l\u2019ESS&nbsp;\u00bb<\/em><\/strong>&nbsp;se present\u00f3 en la ceremonia de clausura del evento, delante de todos los representantes.<\/p>\n\n\n\n<p class=\"has-text-align-center\" style=\"font-size:18px\"><strong><mark style=\"background-color:rgba(0, 0, 0, 0)\" class=\"has-inline-color has-rouge-color\">No olvides suscribirte a la&nbsp;<a href=\"https:\/\/www.instagram.com\/gsef_secretariat\/?hl=fr\">cuenta de Instagram del GSEF<\/a>&nbsp;para no perderte nada.<br><\/mark><\/strong><br><\/p>\n<\/div>\n<\/div>\n\n\n\n<div class=\"wp-block-columns bloc-blanc has-white-background-color has-background is-layout-flex wp-container-core-columns-is-layout-4afe9440 wp-block-columns-is-layout-flex\" style=\"padding-top:50px;padding-right:50px;padding-bottom:50px;padding-left:50px\">\n<div class=\"wp-block-column is-vertically-aligned-stretch is-layout-flow wp-block-column-is-layout-flow\" style=\"flex-basis:100%\">\n<h2 class=\"wp-block-heading has-text-align-left\" id=\"le-pole-jeuness-ec0a6b09-e5d4-40f8-8d8a-2d5132f13c91\"><strong>J\u00f3venes<\/strong> <strong>en el foro<\/strong><\/h2>\n\n\n\n<p>Situado en pleno coraz\u00f3n del barrio Bacalan de Burdeos, el h\u00edbrido espacio de la\u00a0<strong>Cit\u00e9 Bleue<\/strong> acoger\u00e1 el\u00a0<strong>red de Joven'ESS<\/strong>\u00a0durante la v\u00edspera y los 3 d\u00edas que dura el Foro.\u00a0<\/p>\n\n\n\n<p>Los participantes en el Foro y el p\u00fablico en general, tanto j\u00f3venes como mayores, podr\u00e1n descubrir esta programaci\u00f3n complementaria del Palais 2 l'Atlantique, con talleres interactivos sobre temas muy variados, exposiciones, actividades culturales y espacios de convivencia.<\/p>\n\n\n\n<p>El martes por la noche se proyectar\u00e1 al aire libre la pel\u00edcula premiada en Cannes: L\u2019histoire de Souleymane de <strong>Boris Lojkine<\/strong>.<\/p>\n\n\n\n<p>Un <a href=\"https:\/\/docs.google.com\/forms\/d\/e\/1FAIpQLSc391AiFE-efhvVpQ0HBKzTYmAR8S0QDRPnkRchWNP53kziJQ\/viewform\" target=\"_blank\" rel=\"noreferrer noopener\"><strong>torneo internacional mixto de f\u00fatbol<\/strong><\/a> se organizar\u00e1 tambi\u00e9n el mi\u00e9rcoles 29 de octubre en el <strong>estadio Batany<\/strong> con el fin de tender puentes entre los j\u00f3venes de aqu\u00ed y de otros lugares.<\/p>\n\n\n\n<p>Una gran velada la \u00faltima noche del Foro cerrar\u00e1 los 4 d\u00edas.<\/p>\n\n\n\n<div class=\"wp-block-buttons is-content-justification-center is-layout-flex wp-container-core-buttons-is-layout-a89b3969 wp-block-buttons-is-layout-flex\">\n<div class=\"wp-block-button is-style-outline is-style-outline--4\"><a class=\"wp-block-button__link has-white-color has-bleu-background-color has-text-color has-background has-link-color has-custom-font-size wp-element-button\" href=\"https:\/\/bordeauxgsef2025.org\/es\/programmation-jeunesse\/\" style=\"border-radius:0px;font-size:16px\" target=\"_blank\" rel=\"noreferrer noopener\">Descubrir la programaci\u00f3n<\/a><\/div>\n<\/div>\n<\/div>\n<\/div>\n\n\n\n<p><\/p>","protected":false},"excerpt":{"rendered":"<p>Dynamique Jeun&rsquo;ESS Depuis sa cr\u00e9ation en 2013, le GSEF a toujours reconnu l\u2019importance de la mobilisation des jeunes dans l\u2019\u00c9conomie Sociale et Solidaire (ESS).Par le biais d\u2019\u00e9v\u00e9nements internationaux, de plaidoyers engag\u00e9s et de dynamiques continentales structur\u00e9es, le GSEF met en lumi\u00e8re le r\u00f4le central des jeunes dans les transitions sociales, \u00e9conomiques et environnementales. Le P\u00f4le [&hellip;]<\/p>","protected":false},"author":1,"featured_media":0,"parent":0,"menu_order":0,"comment_status":"closed","ping_status":"closed","template":"","meta":{"_acf_changed":false,"advgb_blocks_editor_width":"","advgb_blocks_columns_visual_guide":"","footnotes":"[]"},"class_list":["post-4721","page","type-page","status-publish","hentry"],"acf":[],"yoast_head":"<!-- This site is optimized with the Yoast SEO plugin v26.5 - https:\/\/yoast.com\/wordpress\/plugins\/seo\/ -->\n<title>Jeun&#039;ESS &#8226; FORUM MONDIAL DE l&#039;\u00c9CONOMIE SOCIALE ET SOLIDAIRE<\/title>\n<meta name=\"robots\" content=\"index, follow, max-snippet:-1, max-image-preview:large, max-video-preview:-1\" \/>\n<link rel=\"canonical\" href=\"https:\/\/bordeauxgsef2025.org\/es\/jeuness\/\" \/>\n<meta property=\"og:locale\" content=\"es_ES\" \/>\n<meta property=\"og:type\" content=\"article\" \/>\n<meta property=\"og:title\" content=\"Jeun&#039;ESS &#8226; FORUM MONDIAL DE l&#039;\u00c9CONOMIE SOCIALE ET SOLIDAIRE\" \/>\n<meta property=\"og:description\" content=\"Dynamique Jeun&rsquo;ESS Depuis sa cr\u00e9ation en 2013, le GSEF a toujours reconnu l\u2019importance de la mobilisation des jeunes dans l\u2019\u00c9conomie Sociale et Solidaire (ESS).Par le biais d\u2019\u00e9v\u00e9nements internationaux, de plaidoyers engag\u00e9s et de dynamiques continentales structur\u00e9es, le GSEF met en lumi\u00e8re le r\u00f4le central des jeunes dans les transitions sociales, \u00e9conomiques et environnementales. Le P\u00f4le [&hellip;]\" \/>\n<meta property=\"og:url\" content=\"https:\/\/bordeauxgsef2025.org\/es\/jeuness\/\" \/>\n<meta property=\"og:site_name\" content=\"FORUM MONDIAL DE l&#039;\u00c9CONOMIE SOCIALE ET SOLIDAIRE\" \/>\n<meta property=\"article:publisher\" content=\"https:\/\/www.facebook.com\/BordeauxGSEF2025\/\" \/>\n<meta property=\"article:modified_time\" content=\"2025-09-29T08:54:46+00:00\" \/>\n<meta property=\"og:image\" content=\"https:\/\/bordeauxgsef2025.org\/wp-content\/uploads\/2025\/04\/Badge-GSEF-Pole-JeunESS.png\" \/>\n\t<meta property=\"og:image:width\" content=\"458\" \/>\n\t<meta property=\"og:image:height\" content=\"459\" \/>\n\t<meta property=\"og:image:type\" content=\"image\/png\" \/>\n<meta name=\"twitter:card\" content=\"summary_large_image\" \/>\n<meta name=\"twitter:site\" content=\"@BdxGSEF2025\" \/>\n<script type=\"application\/ld+json\" class=\"yoast-schema-graph\">{\"@context\":\"https:\/\/schema.org\",\"@graph\":[{\"@type\":\"WebPage\",\"@id\":\"https:\/\/bordeauxgsef2025.org\/jeuness\/\",\"url\":\"https:\/\/bordeauxgsef2025.org\/jeuness\/\",\"name\":\"Jeun'ESS &#8226; FORUM MONDIAL DE l&#039;\u00c9CONOMIE SOCIALE ET SOLIDAIRE\",\"isPartOf\":{\"@id\":\"https:\/\/bordeauxgsef2025.org\/#website\"},\"primaryImageOfPage\":{\"@id\":\"https:\/\/bordeauxgsef2025.org\/jeuness\/#primaryimage\"},\"image\":{\"@id\":\"https:\/\/bordeauxgsef2025.org\/jeuness\/#primaryimage\"},\"thumbnailUrl\":\"https:\/\/bordeauxgsef2025.org\/wp-content\/uploads\/2025\/04\/Badge-GSEF-Pole-JeunESS-300x300.png\",\"datePublished\":\"2025-04-17T15:06:07+00:00\",\"dateModified\":\"2025-09-29T08:54:46+00:00\",\"breadcrumb\":{\"@id\":\"https:\/\/bordeauxgsef2025.org\/jeuness\/#breadcrumb\"},\"inLanguage\":\"es\",\"potentialAction\":[{\"@type\":\"ReadAction\",\"target\":[\"https:\/\/bordeauxgsef2025.org\/jeuness\/\"]}]},{\"@type\":\"ImageObject\",\"inLanguage\":\"es\",\"@id\":\"https:\/\/bordeauxgsef2025.org\/jeuness\/#primaryimage\",\"url\":\"https:\/\/bordeauxgsef2025.org\/wp-content\/uploads\/2025\/04\/Badge-GSEF-Pole-JeunESS-300x300.png\",\"contentUrl\":\"https:\/\/bordeauxgsef2025.org\/wp-content\/uploads\/2025\/04\/Badge-GSEF-Pole-JeunESS-300x300.png\"},{\"@type\":\"BreadcrumbList\",\"@id\":\"https:\/\/bordeauxgsef2025.org\/jeuness\/#breadcrumb\",\"itemListElement\":[{\"@type\":\"ListItem\",\"position\":1,\"name\":\"Accueil\",\"item\":\"https:\/\/bordeauxgsef2025.org\/\"},{\"@type\":\"ListItem\",\"position\":2,\"name\":\"Jeun&rsquo;ESS\"}]},{\"@type\":\"WebSite\",\"@id\":\"https:\/\/bordeauxgsef2025.org\/#website\",\"url\":\"https:\/\/bordeauxgsef2025.org\/\",\"name\":\"FORUM MONDIAL DE l'\u00c9CONOMIE SOCIALE ET SOLIDAIRE\",\"description\":\"Bordeaux 29 30 31 Octobre 2025\",\"publisher\":{\"@id\":\"https:\/\/bordeauxgsef2025.org\/#organization\"},\"alternateName\":\"BORDEAUX GSEF 225\",\"potentialAction\":[{\"@type\":\"SearchAction\",\"target\":{\"@type\":\"EntryPoint\",\"urlTemplate\":\"https:\/\/bordeauxgsef2025.org\/?s={search_term_string}\"},\"query-input\":{\"@type\":\"PropertyValueSpecification\",\"valueRequired\":true,\"valueName\":\"search_term_string\"}}],\"inLanguage\":\"es\"},{\"@type\":\"Organization\",\"@id\":\"https:\/\/bordeauxgsef2025.org\/#organization\",\"name\":\"FORUM MONDIAL DE l'\u00c9CONOMIE SOCIALE ET SOLIDAIRE\",\"alternateName\":\"Bordeaux Gsef 2025\",\"url\":\"https:\/\/bordeauxgsef2025.org\/\",\"logo\":{\"@type\":\"ImageObject\",\"inLanguage\":\"es\",\"@id\":\"https:\/\/bordeauxgsef2025.org\/#\/schema\/logo\/image\/\",\"url\":\"https:\/\/bordeauxgsef2025.org\/wp-content\/uploads\/2024\/10\/logo-carre-gsef2025.png\",\"contentUrl\":\"https:\/\/bordeauxgsef2025.org\/wp-content\/uploads\/2024\/10\/logo-carre-gsef2025.png\",\"width\":800,\"height\":800,\"caption\":\"FORUM MONDIAL DE l'\u00c9CONOMIE SOCIALE ET SOLIDAIRE\"},\"image\":{\"@id\":\"https:\/\/bordeauxgsef2025.org\/#\/schema\/logo\/image\/\"},\"sameAs\":[\"https:\/\/www.facebook.com\/BordeauxGSEF2025\/\",\"https:\/\/x.com\/BdxGSEF2025\",\"https:\/\/www.linkedin.com\/company\/bordeaux-gsef-2025\/\",\"https:\/\/www.instagram.com\/bordeaux_gsef2025\/\"]}]}<\/script>\n<!-- \/ Yoast SEO plugin. -->","yoast_head_json":{"title":"Jeun'ESS &#8226; FORUM MONDIAL DE l&#039;\u00c9CONOMIE SOCIALE ET SOLIDAIRE","robots":{"index":"index","follow":"follow","max-snippet":"max-snippet:-1","max-image-preview":"max-image-preview:large","max-video-preview":"max-video-preview:-1"},"canonical":"https:\/\/bordeauxgsef2025.org\/es\/jeuness\/","og_locale":"es_ES","og_type":"article","og_title":"Jeun'ESS &#8226; FORUM MONDIAL DE l&#039;\u00c9CONOMIE SOCIALE ET SOLIDAIRE","og_description":"Dynamique Jeun&rsquo;ESS Depuis sa cr\u00e9ation en 2013, le GSEF a toujours reconnu l\u2019importance de la mobilisation des jeunes dans l\u2019\u00c9conomie Sociale et Solidaire (ESS).Par le biais d\u2019\u00e9v\u00e9nements internationaux, de plaidoyers engag\u00e9s et de dynamiques continentales structur\u00e9es, le GSEF met en lumi\u00e8re le r\u00f4le central des jeunes dans les transitions sociales, \u00e9conomiques et environnementales. Le P\u00f4le [&hellip;]","og_url":"https:\/\/bordeauxgsef2025.org\/es\/jeuness\/","og_site_name":"FORUM MONDIAL DE l&#039;\u00c9CONOMIE SOCIALE ET SOLIDAIRE","article_publisher":"https:\/\/www.facebook.com\/BordeauxGSEF2025\/","article_modified_time":"2025-09-29T08:54:46+00:00","og_image":[{"width":458,"height":459,"url":"https:\/\/bordeauxgsef2025.org\/wp-content\/uploads\/2025\/04\/Badge-GSEF-Pole-JeunESS.png","type":"image\/png"}],"twitter_card":"summary_large_image","twitter_site":"@BdxGSEF2025","schema":{"@context":"https:\/\/schema.org","@graph":[{"@type":"WebPage","@id":"https:\/\/bordeauxgsef2025.org\/jeuness\/","url":"https:\/\/bordeauxgsef2025.org\/jeuness\/","name":"Jeun'ESS &#8226; FORUM MONDIAL DE l&#039;\u00c9CONOMIE SOCIALE ET SOLIDAIRE","isPartOf":{"@id":"https:\/\/bordeauxgsef2025.org\/#website"},"primaryImageOfPage":{"@id":"https:\/\/bordeauxgsef2025.org\/jeuness\/#primaryimage"},"image":{"@id":"https:\/\/bordeauxgsef2025.org\/jeuness\/#primaryimage"},"thumbnailUrl":"https:\/\/bordeauxgsef2025.org\/wp-content\/uploads\/2025\/04\/Badge-GSEF-Pole-JeunESS-300x300.png","datePublished":"2025-04-17T15:06:07+00:00","dateModified":"2025-09-29T08:54:46+00:00","breadcrumb":{"@id":"https:\/\/bordeauxgsef2025.org\/jeuness\/#breadcrumb"},"inLanguage":"es","potentialAction":[{"@type":"ReadAction","target":["https:\/\/bordeauxgsef2025.org\/jeuness\/"]}]},{"@type":"ImageObject","inLanguage":"es","@id":"https:\/\/bordeauxgsef2025.org\/jeuness\/#primaryimage","url":"https:\/\/bordeauxgsef2025.org\/wp-content\/uploads\/2025\/04\/Badge-GSEF-Pole-JeunESS-300x300.png","contentUrl":"https:\/\/bordeauxgsef2025.org\/wp-content\/uploads\/2025\/04\/Badge-GSEF-Pole-JeunESS-300x300.png"},{"@type":"BreadcrumbList","@id":"https:\/\/bordeauxgsef2025.org\/jeuness\/#breadcrumb","itemListElement":[{"@type":"ListItem","position":1,"name":"Accueil","item":"https:\/\/bordeauxgsef2025.org\/"},{"@type":"ListItem","position":2,"name":"Jeun&rsquo;ESS"}]},{"@type":"WebSite","@id":"https:\/\/bordeauxgsef2025.org\/#website","url":"https:\/\/bordeauxgsef2025.org\/","name":"FORUM MONDIAL DE l'\u00c9CONOMIE SOCIALE ET SOLIDAIRE","description":"Bordeaux 29 30 31 Octobre 2025","publisher":{"@id":"https:\/\/bordeauxgsef2025.org\/#organization"},"alternateName":"BORDEAUX GSEF 225","potentialAction":[{"@type":"SearchAction","target":{"@type":"EntryPoint","urlTemplate":"https:\/\/bordeauxgsef2025.org\/?s={search_term_string}"},"query-input":{"@type":"PropertyValueSpecification","valueRequired":true,"valueName":"search_term_string"}}],"inLanguage":"es"},{"@type":"Organization","@id":"https:\/\/bordeauxgsef2025.org\/#organization","name":"FORUM MONDIAL DE l'\u00c9CONOMIE SOCIALE ET SOLIDAIRE","alternateName":"Bordeaux Gsef 2025","url":"https:\/\/bordeauxgsef2025.org\/","logo":{"@type":"ImageObject","inLanguage":"es","@id":"https:\/\/bordeauxgsef2025.org\/#\/schema\/logo\/image\/","url":"https:\/\/bordeauxgsef2025.org\/wp-content\/uploads\/2024\/10\/logo-carre-gsef2025.png","contentUrl":"https:\/\/bordeauxgsef2025.org\/wp-content\/uploads\/2024\/10\/logo-carre-gsef2025.png","width":800,"height":800,"caption":"FORUM MONDIAL DE l'\u00c9CONOMIE SOCIALE ET SOLIDAIRE"},"image":{"@id":"https:\/\/bordeauxgsef2025.org\/#\/schema\/logo\/image\/"},"sameAs":["https:\/\/www.facebook.com\/BordeauxGSEF2025\/","https:\/\/x.com\/BdxGSEF2025","https:\/\/www.linkedin.com\/company\/bordeaux-gsef-2025\/","https:\/\/www.instagram.com\/bordeaux_gsef2025\/"]}]}},"coauthors":[],"author_meta":{"author_link":"https:\/\/bordeauxgsef2025.org\/es\/author\/admin-ot\/","display_name":"admin-ot"},"relative_dates":{"created":"Publicado 1 a\u00f1o hace","modified":"Actualizado 7 meses hace"},"absolute_dates":{"created":"Publicado el 17 abril 2025","modified":"Actualizado el 29 septiembre 2025"},"absolute_dates_time":{"created":"Publicado el 17 abril 2025 17h06","modified":"Actualizado el 29 septiembre 2025 10h54"},"featured_img_caption":"","featured_img":false,"series_order":"","_links":{"self":[{"href":"https:\/\/bordeauxgsef2025.org\/es\/wp-json\/wp\/v2\/pages\/4721","targetHints":{"allow":["GET"]}}],"collection":[{"href":"https:\/\/bordeauxgsef2025.org\/es\/wp-json\/wp\/v2\/pages"}],"about":[{"href":"https:\/\/bordeauxgsef2025.org\/es\/wp-json\/wp\/v2\/types\/page"}],"author":[{"embeddable":true,"href":"https:\/\/bordeauxgsef2025.org\/es\/wp-json\/wp\/v2\/users\/1"}],"replies":[{"embeddable":true,"href":"https:\/\/bordeauxgsef2025.org\/es\/wp-json\/wp\/v2\/comments?post=4721"}],"version-history":[{"count":193,"href":"https:\/\/bordeauxgsef2025.org\/es\/wp-json\/wp\/v2\/pages\/4721\/revisions"}],"predecessor-version":[{"id":6815,"href":"https:\/\/bordeauxgsef2025.org\/es\/wp-json\/wp\/v2\/pages\/4721\/revisions\/6815"}],"wp:attachment":[{"href":"https:\/\/bordeauxgsef2025.org\/es\/wp-json\/wp\/v2\/media?parent=4721"}],"curies":[{"name":"wp","href":"https:\/\/api.w.org\/{rel}","templated":true}]}}