{"id":1508,"date":"2024-10-16T17:15:29","date_gmt":"2024-10-16T15:15:29","guid":{"rendered":"https:\/\/bordeauxgsef2025.org\/?page_id=1508"},"modified":"2025-04-30T10:57:28","modified_gmt":"2025-04-30T08:57:28","slug":"reseau-gsef","status":"publish","type":"page","link":"https:\/\/bordeauxgsef2025.org\/es\/le-gsef\/reseau-gsef\/","title":{"rendered":"Secretar\u00eda General del GSEF"},"content":{"rendered":"<div style=\"height:24px\" aria-hidden=\"true\" class=\"wp-block-spacer\"><\/div>\n\n\n<div class=\"yoast-breadcrumbs\"><span><span><a href=\"https:\/\/bordeauxgsef2025.org\/es\/\">Inicio<\/a><\/span> \u00bb <span><a href=\"https:\/\/bordeauxgsef2025.org\/es\/le-gsef\/\">El Gsef<\/a><\/span> \u00bb <span class=\"breadcrumb_last\" aria-current=\"page\"><strong>Secretar\u00eda General del GSEF<\/strong><\/span><\/span><\/div>\n\n\n<div style=\"height:24px\" aria-hidden=\"true\" class=\"wp-block-spacer\"><\/div>\n\n\n\n<div class=\"wp-block-columns are-vertically-aligned-center is-not-stacked-on-mobile is-layout-flex wp-container-core-columns-is-layout-28f84493 wp-block-columns-is-layout-flex\">\n<div class=\"wp-block-column is-layout-flow wp-block-column-is-layout-flow\" style=\"flex-basis:15%\">\n<figure class=\"wp-block-image size-full is-resized\"><img fetchpriority=\"high\" decoding=\"async\" width=\"260\" height=\"450\" sizes=\"(max-width: 260px) 100vw, 260px\" src=\"https:\/\/bordeauxgsef2025.org\/wp-content\/uploads\/2024\/10\/left-gsef.gif\" alt=\"\" class=\"wp-image-1980\" style=\"width:126px;height:auto\"\/><\/figure>\n<\/div>\n\n\n\n<div class=\"wp-block-column is-vertically-aligned-center is-layout-flow wp-block-column-is-layout-flow\" style=\"flex-basis:40%\">\n<figure class=\"wp-block-image aligncenter size-full\"><img decoding=\"async\" width=\"1738\" height=\"607\" sizes=\"(max-width: 1738px) 100vw, 1738px\" src=\"https:\/\/bordeauxgsef2025.org\/wp-content\/uploads\/2024\/07\/GSEF-Logo-full.png\" alt=\"\" class=\"wp-image-5489\" srcset=\"https:\/\/bordeauxgsef2025.org\/wp-content\/uploads\/2024\/07\/GSEF-Logo-full.png 1738w, https:\/\/bordeauxgsef2025.org\/wp-content\/uploads\/2024\/07\/GSEF-Logo-full-300x105.png 300w, https:\/\/bordeauxgsef2025.org\/wp-content\/uploads\/2024\/07\/GSEF-Logo-full-1024x358.png 1024w, https:\/\/bordeauxgsef2025.org\/wp-content\/uploads\/2024\/07\/GSEF-Logo-full-768x268.png 768w, https:\/\/bordeauxgsef2025.org\/wp-content\/uploads\/2024\/07\/GSEF-Logo-full-1536x536.png 1536w, https:\/\/bordeauxgsef2025.org\/wp-content\/uploads\/2024\/07\/GSEF-Logo-full-18x6.png 18w\" \/><\/figure>\n<\/div>\n\n\n\n<div class=\"wp-block-column is-vertically-aligned-center is-layout-flow wp-block-column-is-layout-flow\" style=\"flex-basis:35%\">\n<div class=\"wp-block-buttons has-custom-font-size has-small-font-size is-content-justification-right is-layout-flex wp-container-core-buttons-is-layout-d445cf74 wp-block-buttons-is-layout-flex\">\n<div class=\"wp-block-button\"><a class=\"wp-block-button__link has-white-color has-text-color has-background has-link-color has-custom-font-size wp-element-button\" href=\"https:\/\/www.gsef-net.org\/es\" style=\"border-radius:0px;background-color:#008687;font-size:17px\" target=\"_blank\" rel=\"noreferrer noopener\"><strong>Visite el sitio web del GSEF<\/strong><span style=\"color: rgb(0, 0, 0); font-size: medium; text-align: start; white-space-collapse: collapse;\"><\/span><\/a><\/div>\n<\/div>\n<\/div>\n\n\n\n<div class=\"wp-block-column is-vertically-aligned-center is-layout-flow wp-block-column-is-layout-flow\" style=\"flex-basis:20%\">\n<figure class=\"wp-block-image alignright size-full is-resized\"><img decoding=\"async\" width=\"260\" height=\"284\" sizes=\"(max-width: 260px) 100vw, 260px\" src=\"https:\/\/bordeauxgsef2025.org\/wp-content\/uploads\/2024\/10\/right-gsef-e1730975734221.gif\" alt=\"\" class=\"wp-image-1981\" style=\"width:152px;height:auto\"\/><\/figure>\n<\/div>\n<\/div>\n\n\n\n<div class=\"wp-block-columns bloc-blanc  has-white-background-color has-background is-layout-flex wp-container-core-columns-is-layout-28f84493 wp-block-columns-is-layout-flex\">\n<div class=\"wp-block-column is-vertically-aligned-stretch is-layout-flow wp-block-column-is-layout-flow\" style=\"flex-basis:100%\">\n<h2 class=\"wp-block-heading has-text-color has-link-color wp-elements-3d05694c697cb1c7cf589b3eaabe32c3\" style=\"color:#008687\"><strong>Una organizaci\u00f3n internacional... <\/strong><\/h2>\n\n\n\n<p><strong>El GSEF (Global Forum for Social and Solidarity Economy) es una organizaci\u00f3n internacional compuesta por gobiernos locales y redes de la sociedad civil comprometidos con la promoci\u00f3n de la Econom\u00eda Social y Solidaria (ESS) como medio para lograr un desarrollo local inclusivo y\nsostenible.<\/strong><\/p>\n\n\n\n<div style=\"height:20px\" aria-hidden=\"true\" class=\"wp-block-spacer\"><\/div>\n\n\n\n<div class=\"wp-block-columns is-layout-flex wp-container-core-columns-is-layout-28f84493 wp-block-columns-is-layout-flex\">\n<div class=\"wp-block-column is-vertically-aligned-stretch is-layout-flow wp-block-column-is-layout-flow\">\n<p>Fue fundada en 2013 y se diferencia de las iniciativas y redes internacionales de ESS previas. Al apostar especialmente por el papel de los gobiernos locales, se reafirma sin ambages el papel primordial que desempe\u00f1an en la gobernanza y la resoluci\u00f3n de los principales retos del siglo XXI, ya sea el cambio clim\u00e1tico, la cohesi\u00f3n social o las desigualdades.<\/p>\n\n\n\n<p>El GSEF cree que el cambio sist\u00e9mico empieza a nivel local, apoy\u00e1ndose en la colaboraci\u00f3n de la sociedad civil y el sector p\u00fablico y privado, para que en \u00faltima instancia la ESS cambie de escala y se convierta en la norma de la econom\u00eda del ma\u00f1ana, integrando una gesti\u00f3n colectiva de los bienes comunes.<\/p>\n\n\n\n<p>El GSEF impulsa distintas formas de ESS, desde empresas sociales hasta cooperativas, pasando por fundaciones, mutuas y grupos de apoyo, que priorizan a las personas frente a los beneficios.<\/p>\n<\/div>\n\n\n\n<div class=\"wp-block-column is-layout-flow wp-block-column-is-layout-flow\">\n<p>Adem\u00e1s de su foro bienal sobre la ESS, que se ha convertido en uno de los mayores encuentros a nivel internacional, el GSEF desempe\u00f1a su labor en cinco \u00e1mbitos clave:<\/p>\n\n\n\n<div class=\"wp-block-columns list is-layout-flex wp-container-core-columns-is-layout-28f84493 wp-block-columns-is-layout-flex\">\n<div class=\"wp-block-column is-vertically-aligned-center is-layout-flow wp-block-column-is-layout-flow\" style=\"flex-basis:10%\">\n<figure class=\"wp-block-image aligncenter size-full is-resized\"><img loading=\"lazy\" decoding=\"async\" width=\"148\" height=\"146\" sizes=\"(max-width: 148px) 100vw, 148px\" src=\"https:\/\/bordeauxgsef2025.org\/wp-content\/uploads\/2024\/10\/2.png\" alt=\"\" class=\"wp-image-1545\" style=\"width:45px\" srcset=\"https:\/\/bordeauxgsef2025.org\/wp-content\/uploads\/2024\/10\/2.png 148w, https:\/\/bordeauxgsef2025.org\/wp-content\/uploads\/2024\/10\/2-12x12.png 12w\" \/><\/figure>\n<\/div>\n\n\n\n<div class=\"wp-block-column is-layout-flow wp-block-column-is-layout-flow\" style=\"flex-basis:85%\">\n<p class=\"has-text-color has-link-color wp-elements-897caf13124069b65be1b90a469eee7d\" style=\"color:#4a4a49;font-size:15px\"><strong>Refuerzo de las capacidades de los gobiernos<br>locales (desarrollo conjunto de pol\u00edticas p\u00fablicas ESS)<\/strong><\/p>\n<\/div>\n<\/div>\n\n\n\n<div class=\"wp-block-columns list is-layout-flex wp-container-core-columns-is-layout-28f84493 wp-block-columns-is-layout-flex\">\n<div class=\"wp-block-column is-vertically-aligned-center is-layout-flow wp-block-column-is-layout-flow\" style=\"flex-basis:10%\">\n<figure class=\"wp-block-image aligncenter size-full is-resized\"><img loading=\"lazy\" decoding=\"async\" width=\"148\" height=\"146\" sizes=\"(max-width: 148px) 100vw, 148px\" src=\"https:\/\/bordeauxgsef2025.org\/wp-content\/uploads\/2024\/10\/4.png\" alt=\"\" class=\"wp-image-1553\" style=\"width:45px\" srcset=\"https:\/\/bordeauxgsef2025.org\/wp-content\/uploads\/2024\/10\/4.png 148w, https:\/\/bordeauxgsef2025.org\/wp-content\/uploads\/2024\/10\/4-12x12.png 12w\" \/><\/figure>\n<\/div>\n\n\n\n<div class=\"wp-block-column is-vertically-aligned-center is-layout-flow wp-block-column-is-layout-flow\" style=\"flex-basis:85%\">\n<p class=\"has-text-color has-link-color wp-elements-b6eee57930c448e52c874f8df8109df9\" style=\"color:#4a4a49;font-size:15px\"><strong>Intercambio de experiencias y pr\u00e1cticas<\/strong><\/p>\n<\/div>\n<\/div>\n\n\n\n<div class=\"wp-block-columns list is-layout-flex wp-container-core-columns-is-layout-28f84493 wp-block-columns-is-layout-flex\">\n<div class=\"wp-block-column is-vertically-aligned-center is-layout-flow wp-block-column-is-layout-flow\" style=\"flex-basis:10%\">\n<figure class=\"wp-block-image aligncenter size-full is-resized\"><img loading=\"lazy\" decoding=\"async\" width=\"148\" height=\"146\" sizes=\"(max-width: 148px) 100vw, 148px\" src=\"https:\/\/bordeauxgsef2025.org\/wp-content\/uploads\/2024\/10\/3.png\" alt=\"\" class=\"wp-image-1551\" style=\"width:45px\" srcset=\"https:\/\/bordeauxgsef2025.org\/wp-content\/uploads\/2024\/10\/3.png 148w, https:\/\/bordeauxgsef2025.org\/wp-content\/uploads\/2024\/10\/3-12x12.png 12w\" \/><\/figure>\n<\/div>\n\n\n\n<div class=\"wp-block-column is-vertically-aligned-center is-layout-flow wp-block-column-is-layout-flow\" style=\"flex-basis:85%\">\n<p class=\"has-text-color has-link-color wp-elements-4110618c53c09e6102be8805bc45f585\" style=\"color:#4a4a49;font-size:15px\"><strong>Investigaci\u00f3n y publicaciones<\/strong><\/p>\n<\/div>\n<\/div>\n\n\n\n<div class=\"wp-block-columns list is-layout-flex wp-container-core-columns-is-layout-28f84493 wp-block-columns-is-layout-flex\">\n<div class=\"wp-block-column is-vertically-aligned-center is-layout-flow wp-block-column-is-layout-flow\" style=\"flex-basis:10%\">\n<figure class=\"wp-block-image aligncenter size-full is-resized\"><img loading=\"lazy\" decoding=\"async\" width=\"148\" height=\"146\" sizes=\"(max-width: 148px) 100vw, 148px\" src=\"https:\/\/bordeauxgsef2025.org\/wp-content\/uploads\/2024\/10\/1.png\" alt=\"\" class=\"wp-image-1531\" style=\"width:45px\" srcset=\"https:\/\/bordeauxgsef2025.org\/wp-content\/uploads\/2024\/10\/1.png 148w, https:\/\/bordeauxgsef2025.org\/wp-content\/uploads\/2024\/10\/1-12x12.png 12w\" \/><\/figure>\n<\/div>\n\n\n\n<div class=\"wp-block-column is-vertically-aligned-center is-layout-flow wp-block-column-is-layout-flow\" style=\"flex-basis:85%\">\n<p class=\"has-text-color has-link-color wp-elements-bb542e2b00def6ad1fe2efea925bcbc3\" style=\"color:#4a4a49;font-size:15px\"><strong>Creaci\u00f3n y apoyo a las redes ESS locales y nacionales<\/strong><\/p>\n<\/div>\n<\/div>\n\n\n\n<div class=\"wp-block-columns list is-layout-flex wp-container-core-columns-is-layout-28f84493 wp-block-columns-is-layout-flex\">\n<div class=\"wp-block-column is-vertically-aligned-center is-layout-flow wp-block-column-is-layout-flow\" style=\"flex-basis:10%\">\n<figure class=\"wp-block-image aligncenter size-full is-resized\"><img loading=\"lazy\" decoding=\"async\" width=\"148\" height=\"146\" sizes=\"(max-width: 148px) 100vw, 148px\" src=\"https:\/\/bordeauxgsef2025.org\/wp-content\/uploads\/2024\/10\/5.png\" alt=\"\" class=\"wp-image-1552\" style=\"width:45px\" srcset=\"https:\/\/bordeauxgsef2025.org\/wp-content\/uploads\/2024\/10\/5.png 148w, https:\/\/bordeauxgsef2025.org\/wp-content\/uploads\/2024\/10\/5-12x12.png 12w\" \/><\/figure>\n<\/div>\n\n\n\n<div class=\"wp-block-column is-vertically-aligned-center is-layout-flow wp-block-column-is-layout-flow\" style=\"flex-basis:85%\">\n<p class=\"has-text-color has-link-color wp-elements-2b622f97e92c16eb14a14214e194e5d8\" style=\"color:#4a4a49;font-size:15px\"><strong>Alegato por el reconocimiento de la ESS a nivel\ninternacional<\/strong><\/p>\n<\/div>\n<\/div>\n<\/div>\n<\/div>\n\n\n\n<p>El GSEF destaca por su notable capacidad de convergencia, que ejerce a trav\u00e9s de numerosas alianzas y colaboraciones reforzadas, as\u00ed como de una fuerza de intervenci\u00f3n.<\/p>\n\n\n\n<p>Adem\u00e1s, colabora con las redes internacionales, que a su vez pertenecen al GSEF. Esta acci\u00f3n colectiva permite aunar esfuerzos en funci\u00f3n de las prioridades para promover la ESS y, con ella, un cambio en los modelos de desarrollo.<\/p>\n\n\n\n<p>Gracias a su labor, el GSEF ha contribuido enormemente al reconocimiento internacional de la ESS por parte de las instituciones m\u00e1s multilaterales, lo que alcanz\u00f3 su punto \u00e1lgido en 2022-2023 con la recomendaci\u00f3n de la OCDE, la definici\u00f3n universal de la Conferencia Internacional del Trabajo (CIT) y la resoluci\u00f3n del 18 de abril de 2023 adoptada por la\nAsamblea General de las Naciones Unidas.<\/p>\n\n\n\n<div style=\"height:20px\" aria-hidden=\"true\" class=\"wp-block-spacer\"><\/div>\n\n\n\n<h2 class=\"wp-block-heading has-text-color has-link-color wp-elements-775a9c156e861ed4f22f68545859a0e4\" style=\"color:#008687\">&#8230; <strong>con arraigo local<\/strong><\/h2>\n\n\n\n<div class=\"wp-block-columns is-layout-flex wp-container-core-columns-is-layout-28f84493 wp-block-columns-is-layout-flex\">\n<div class=\"wp-block-column is-layout-flow wp-block-column-is-layout-flow\">\n<p>En octubre de 2021, la Asamblea General del GSEF seleccion\u00f3 la candidatura de Burdeos para acoger la sede de su secretar\u00eda permanente, que antes se ubicaba en Se\u00fal (Corea del Sur).<\/p>\n\n\n\n<p>Fueron cuatro los colectivos asociados que integraron la candidatura de la ciudad: la Ciudad de Burdeos, el \u00c1rea Metropolitana de Burdeos (Bordeaux M\u00e9tropole), el Departamento de Gironda y la Regi\u00f3n Nueva Aquitania, asociados a la C\u00e1mara Regional de la ESS Nouvelle-Aquitaine (CRESS), en representaci\u00f3n de agentes y redes de agentes.<\/p>\n<\/div>\n\n\n\n<div class=\"wp-block-column is-layout-flow wp-block-column-is-layout-flow\">\n<p>Pierre Hurmic, alcalde de Burdeos, ostenta la presidencia del GSEF (suplente: Bordeaux M\u00e9tropole) de la mano del copresidente St\u00e9phane Montuzet, que a su vez preside la CRESS Nouvelle-Aquitaine. Desde la puesta en marcha de las copresidencias continentales en 2021, la Regi\u00f3n Nueva Aquitania garantiza este mandato para Europa (suplente: Consejo Departamental de Gironda).<\/p>\n<\/div>\n<\/div>\n\n\n\n<div class=\"wp-block-columns is-layout-flex wp-container-core-columns-is-layout-28f84493 wp-block-columns-is-layout-flex\">\n<div class=\"wp-block-column has-background is-layout-flow wp-block-column-is-layout-flow\" style=\"background-color:#00878717\">\n<h3 class=\"wp-block-heading has-text-align-center has-text-color has-link-color wp-elements-e034d4846e5356f1218f0015cc10fd16\" style=\"color:#008687\"><strong>Algunos datos clave<\/strong><\/h3>\n\n\n\n<p class=\"has-text-align-center\"><strong>84 miembros<\/strong> procedentes de <strong>37 pa\u00edses<\/strong> de los cinco continentes, de los cuales<strong> 24 son gobiernos locales<\/strong>, <br><strong>7 son redes de gobiernos locales<\/strong>, <strong>23 son redes de agentes de la sociedad civil<\/strong><\/p>\n\n\n\n<p class=\"has-text-align-center has-small-font-size\"> \u2013 Datos para 2023 \u2013<\/p>\n\n\n\n<p class=\"has-text-align-center\">Secretaria general: <strong>Aude Saldana<\/strong><\/p>\n<\/div>\n<\/div>\n<\/div>\n<\/div>\n\n\n\n<div class=\"wp-block-columns bloc-blanc  has-white-background-color has-background is-layout-flex wp-container-core-columns-is-layout-28f84493 wp-block-columns-is-layout-flex\">\n<div class=\"wp-block-column is-vertically-aligned-stretch is-layout-flow wp-block-column-is-layout-flow\" style=\"flex-basis:100%\">\n<h2 class=\"wp-block-heading has-text-color has-link-color wp-elements-0ec7dae563bddcab5c37cd9e62c4206f\" style=\"color:#008687\"><strong>La gran cita: el Foro Global de la ESS<\/strong><\/h2>\n\n\n\n<p><strong>En una d\u00e9cada, el GSEF se ha convertido en una reconocida red a escala global que ha demostrado su capacidad de\nmovilizar a un amplio abanico de agentes de todos los continentes. De ello da buena cuenta el \u00e9xito que cosecharon\nlas seis ediciones anteriores de los Foros Globales GSEF (Se\u00fal, Montreal, Bilbao, Ciudad de M\u00e9xico y Dakar). Cada dos\na\u00f1os, el GSEF conf\u00eda la organizaci\u00f3n de este importante evento a una ciudad anfitriona. Bordeaux GSEF 2025 ser\u00e1 la\n7.\u00aa edici\u00f3n del Foro Global de la ESS.<\/strong><\/p>\n\n\n\n<div style=\"height:25px\" aria-hidden=\"true\" class=\"wp-block-spacer\"><\/div>\n\n\n\n<div class=\"wp-block-buttons is-content-justification-center is-layout-flex wp-container-core-buttons-is-layout-a89b3969 wp-block-buttons-is-layout-flex\">\n<div class=\"wp-block-button\"><a class=\"wp-block-button__link has-white-color has-text-color has-background has-link-color has-small-font-size has-custom-font-size wp-element-button\" href=\"https:\/\/bordeauxgsef2025.org\/es\/le-gsef\/gsef-editions-precedentes\/\" style=\"border-radius:0px;background-color:#008687\"><strong>M\u00e1s informaci\u00f3n sobre ediciones anteriores<\/strong><\/a><\/div>\n<\/div>\n<\/div>\n<\/div>","protected":false},"excerpt":{"rendered":"<p>Une organisation internationale&#8230; Le GSEF (Global Forum for Social and Solidarity Economy) est une organisation internationale de gouvernements locaux et de r\u00e9seaux de la soci\u00e9t\u00e9 civile engag\u00e9s dans la promotion de l\u2019\u00c9conomie Sociale et Solidaire (ESS) en tant que moyen de parvenir \u00e0 un d\u00e9veloppement local inclusif et durable. Cr\u00e9\u00e9 en 2013, le GSEF se [&hellip;]<\/p>","protected":false},"author":1,"featured_media":0,"parent":2410,"menu_order":1,"comment_status":"closed","ping_status":"closed","template":"","meta":{"_acf_changed":false,"advgb_blocks_editor_width":"","advgb_blocks_columns_visual_guide":"","footnotes":""},"class_list":["post-1508","page","type-page","status-publish","hentry"],"acf":[],"yoast_head":"<!-- This site is optimized with the Yoast SEO plugin v26.5 - https:\/\/yoast.com\/wordpress\/plugins\/seo\/ -->\n<title>Le r\u00e9seau GSEF &#8226; FORUM MONDIAL DE l&#039;\u00c9CONOMIE SOCIALE ET SOLIDAIRE<\/title>\n<meta name=\"robots\" content=\"index, follow, max-snippet:-1, max-image-preview:large, max-video-preview:-1\" \/>\n<link rel=\"canonical\" href=\"https:\/\/bordeauxgsef2025.org\/es\/le-gsef\/reseau-gsef\/\" \/>\n<meta property=\"og:locale\" content=\"es_ES\" \/>\n<meta property=\"og:type\" content=\"article\" \/>\n<meta property=\"og:title\" content=\"Le r\u00e9seau GSEF &#8226; FORUM MONDIAL DE l&#039;\u00c9CONOMIE SOCIALE ET SOLIDAIRE\" \/>\n<meta property=\"og:description\" content=\"Une organisation internationale&#8230; Le GSEF (Global Forum for Social and Solidarity Economy) est une organisation internationale de gouvernements locaux et de r\u00e9seaux de la soci\u00e9t\u00e9 civile engag\u00e9s dans la promotion de l\u2019\u00c9conomie Sociale et Solidaire (ESS) en tant que moyen de parvenir \u00e0 un d\u00e9veloppement local inclusif et durable. Cr\u00e9\u00e9 en 2013, le GSEF se [&hellip;]\" \/>\n<meta property=\"og:url\" content=\"https:\/\/bordeauxgsef2025.org\/es\/le-gsef\/reseau-gsef\/\" \/>\n<meta property=\"og:site_name\" content=\"FORUM MONDIAL DE l&#039;\u00c9CONOMIE SOCIALE ET SOLIDAIRE\" \/>\n<meta property=\"article:publisher\" content=\"https:\/\/www.facebook.com\/BordeauxGSEF2025\/\" \/>\n<meta property=\"article:modified_time\" content=\"2025-04-30T08:57:28+00:00\" \/>\n<meta property=\"og:image\" content=\"https:\/\/bordeauxgsef2025.org\/wp-content\/uploads\/2024\/10\/left-gsef.gif\" \/>\n\t<meta property=\"og:image:width\" content=\"260\" \/>\n\t<meta property=\"og:image:height\" content=\"450\" \/>\n\t<meta property=\"og:image:type\" content=\"image\/gif\" \/>\n<meta name=\"twitter:card\" content=\"summary_large_image\" \/>\n<meta name=\"twitter:site\" content=\"@BdxGSEF2025\" \/>\n<script type=\"application\/ld+json\" class=\"yoast-schema-graph\">{\"@context\":\"https:\/\/schema.org\",\"@graph\":[{\"@type\":\"WebPage\",\"@id\":\"https:\/\/bordeauxgsef2025.org\/le-gsef\/reseau-gsef\/\",\"url\":\"https:\/\/bordeauxgsef2025.org\/le-gsef\/reseau-gsef\/\",\"name\":\"Le r\u00e9seau GSEF &#8226; FORUM MONDIAL DE l&#039;\u00c9CONOMIE SOCIALE ET SOLIDAIRE\",\"isPartOf\":{\"@id\":\"https:\/\/bordeauxgsef2025.org\/#website\"},\"primaryImageOfPage\":{\"@id\":\"https:\/\/bordeauxgsef2025.org\/le-gsef\/reseau-gsef\/#primaryimage\"},\"image\":{\"@id\":\"https:\/\/bordeauxgsef2025.org\/le-gsef\/reseau-gsef\/#primaryimage\"},\"thumbnailUrl\":\"https:\/\/bordeauxgsef2025.org\/wp-content\/uploads\/2024\/10\/left-gsef.gif\",\"datePublished\":\"2024-10-16T15:15:29+00:00\",\"dateModified\":\"2025-04-30T08:57:28+00:00\",\"breadcrumb\":{\"@id\":\"https:\/\/bordeauxgsef2025.org\/le-gsef\/reseau-gsef\/#breadcrumb\"},\"inLanguage\":\"es\",\"potentialAction\":[{\"@type\":\"ReadAction\",\"target\":[\"https:\/\/bordeauxgsef2025.org\/le-gsef\/reseau-gsef\/\"]}]},{\"@type\":\"ImageObject\",\"inLanguage\":\"es\",\"@id\":\"https:\/\/bordeauxgsef2025.org\/le-gsef\/reseau-gsef\/#primaryimage\",\"url\":\"https:\/\/bordeauxgsef2025.org\/wp-content\/uploads\/2024\/10\/left-gsef.gif\",\"contentUrl\":\"https:\/\/bordeauxgsef2025.org\/wp-content\/uploads\/2024\/10\/left-gsef.gif\"},{\"@type\":\"BreadcrumbList\",\"@id\":\"https:\/\/bordeauxgsef2025.org\/le-gsef\/reseau-gsef\/#breadcrumb\",\"itemListElement\":[{\"@type\":\"ListItem\",\"position\":1,\"name\":\"Accueil\",\"item\":\"https:\/\/bordeauxgsef2025.org\/\"},{\"@type\":\"ListItem\",\"position\":2,\"name\":\"Le Gsef\",\"item\":\"https:\/\/bordeauxgsef2025.org\/le-gsef\/\"},{\"@type\":\"ListItem\",\"position\":3,\"name\":\"Le r\u00e9seau GSEF\"}]},{\"@type\":\"WebSite\",\"@id\":\"https:\/\/bordeauxgsef2025.org\/#website\",\"url\":\"https:\/\/bordeauxgsef2025.org\/\",\"name\":\"FORUM MONDIAL DE l'\u00c9CONOMIE SOCIALE ET SOLIDAIRE\",\"description\":\"Bordeaux 29 30 31 Octobre 2025\",\"publisher\":{\"@id\":\"https:\/\/bordeauxgsef2025.org\/#organization\"},\"alternateName\":\"BORDEAUX GSEF 225\",\"potentialAction\":[{\"@type\":\"SearchAction\",\"target\":{\"@type\":\"EntryPoint\",\"urlTemplate\":\"https:\/\/bordeauxgsef2025.org\/?s={search_term_string}\"},\"query-input\":{\"@type\":\"PropertyValueSpecification\",\"valueRequired\":true,\"valueName\":\"search_term_string\"}}],\"inLanguage\":\"es\"},{\"@type\":\"Organization\",\"@id\":\"https:\/\/bordeauxgsef2025.org\/#organization\",\"name\":\"FORUM MONDIAL DE l'\u00c9CONOMIE SOCIALE ET SOLIDAIRE\",\"alternateName\":\"Bordeaux Gsef 2025\",\"url\":\"https:\/\/bordeauxgsef2025.org\/\",\"logo\":{\"@type\":\"ImageObject\",\"inLanguage\":\"es\",\"@id\":\"https:\/\/bordeauxgsef2025.org\/#\/schema\/logo\/image\/\",\"url\":\"https:\/\/bordeauxgsef2025.org\/wp-content\/uploads\/2024\/10\/logo-carre-gsef2025.png\",\"contentUrl\":\"https:\/\/bordeauxgsef2025.org\/wp-content\/uploads\/2024\/10\/logo-carre-gsef2025.png\",\"width\":800,\"height\":800,\"caption\":\"FORUM MONDIAL DE l'\u00c9CONOMIE SOCIALE ET SOLIDAIRE\"},\"image\":{\"@id\":\"https:\/\/bordeauxgsef2025.org\/#\/schema\/logo\/image\/\"},\"sameAs\":[\"https:\/\/www.facebook.com\/BordeauxGSEF2025\/\",\"https:\/\/x.com\/BdxGSEF2025\",\"https:\/\/www.linkedin.com\/company\/bordeaux-gsef-2025\/\",\"https:\/\/www.instagram.com\/bordeaux_gsef2025\/\"]}]}<\/script>\n<!-- \/ Yoast SEO plugin. -->","yoast_head_json":{"title":"Le r\u00e9seau GSEF &#8226; FORUM MONDIAL DE l&#039;\u00c9CONOMIE SOCIALE ET SOLIDAIRE","robots":{"index":"index","follow":"follow","max-snippet":"max-snippet:-1","max-image-preview":"max-image-preview:large","max-video-preview":"max-video-preview:-1"},"canonical":"https:\/\/bordeauxgsef2025.org\/es\/le-gsef\/reseau-gsef\/","og_locale":"es_ES","og_type":"article","og_title":"Le r\u00e9seau GSEF &#8226; FORUM MONDIAL DE l&#039;\u00c9CONOMIE SOCIALE ET SOLIDAIRE","og_description":"Une organisation internationale&#8230; Le GSEF (Global Forum for Social and Solidarity Economy) est une organisation internationale de gouvernements locaux et de r\u00e9seaux de la soci\u00e9t\u00e9 civile engag\u00e9s dans la promotion de l\u2019\u00c9conomie Sociale et Solidaire (ESS) en tant que moyen de parvenir \u00e0 un d\u00e9veloppement local inclusif et durable. Cr\u00e9\u00e9 en 2013, le GSEF se [&hellip;]","og_url":"https:\/\/bordeauxgsef2025.org\/es\/le-gsef\/reseau-gsef\/","og_site_name":"FORUM MONDIAL DE l&#039;\u00c9CONOMIE SOCIALE ET SOLIDAIRE","article_publisher":"https:\/\/www.facebook.com\/BordeauxGSEF2025\/","article_modified_time":"2025-04-30T08:57:28+00:00","og_image":[{"width":260,"height":450,"url":"https:\/\/bordeauxgsef2025.org\/wp-content\/uploads\/2024\/10\/left-gsef.gif","type":"image\/gif"}],"twitter_card":"summary_large_image","twitter_site":"@BdxGSEF2025","schema":{"@context":"https:\/\/schema.org","@graph":[{"@type":"WebPage","@id":"https:\/\/bordeauxgsef2025.org\/le-gsef\/reseau-gsef\/","url":"https:\/\/bordeauxgsef2025.org\/le-gsef\/reseau-gsef\/","name":"Le r\u00e9seau GSEF &#8226; FORUM MONDIAL DE l&#039;\u00c9CONOMIE SOCIALE ET SOLIDAIRE","isPartOf":{"@id":"https:\/\/bordeauxgsef2025.org\/#website"},"primaryImageOfPage":{"@id":"https:\/\/bordeauxgsef2025.org\/le-gsef\/reseau-gsef\/#primaryimage"},"image":{"@id":"https:\/\/bordeauxgsef2025.org\/le-gsef\/reseau-gsef\/#primaryimage"},"thumbnailUrl":"https:\/\/bordeauxgsef2025.org\/wp-content\/uploads\/2024\/10\/left-gsef.gif","datePublished":"2024-10-16T15:15:29+00:00","dateModified":"2025-04-30T08:57:28+00:00","breadcrumb":{"@id":"https:\/\/bordeauxgsef2025.org\/le-gsef\/reseau-gsef\/#breadcrumb"},"inLanguage":"es","potentialAction":[{"@type":"ReadAction","target":["https:\/\/bordeauxgsef2025.org\/le-gsef\/reseau-gsef\/"]}]},{"@type":"ImageObject","inLanguage":"es","@id":"https:\/\/bordeauxgsef2025.org\/le-gsef\/reseau-gsef\/#primaryimage","url":"https:\/\/bordeauxgsef2025.org\/wp-content\/uploads\/2024\/10\/left-gsef.gif","contentUrl":"https:\/\/bordeauxgsef2025.org\/wp-content\/uploads\/2024\/10\/left-gsef.gif"},{"@type":"BreadcrumbList","@id":"https:\/\/bordeauxgsef2025.org\/le-gsef\/reseau-gsef\/#breadcrumb","itemListElement":[{"@type":"ListItem","position":1,"name":"Accueil","item":"https:\/\/bordeauxgsef2025.org\/"},{"@type":"ListItem","position":2,"name":"Le Gsef","item":"https:\/\/bordeauxgsef2025.org\/le-gsef\/"},{"@type":"ListItem","position":3,"name":"Le r\u00e9seau GSEF"}]},{"@type":"WebSite","@id":"https:\/\/bordeauxgsef2025.org\/#website","url":"https:\/\/bordeauxgsef2025.org\/","name":"FORUM MONDIAL DE l'\u00c9CONOMIE SOCIALE ET SOLIDAIRE","description":"Bordeaux 29 30 31 Octobre 2025","publisher":{"@id":"https:\/\/bordeauxgsef2025.org\/#organization"},"alternateName":"BORDEAUX GSEF 225","potentialAction":[{"@type":"SearchAction","target":{"@type":"EntryPoint","urlTemplate":"https:\/\/bordeauxgsef2025.org\/?s={search_term_string}"},"query-input":{"@type":"PropertyValueSpecification","valueRequired":true,"valueName":"search_term_string"}}],"inLanguage":"es"},{"@type":"Organization","@id":"https:\/\/bordeauxgsef2025.org\/#organization","name":"FORUM MONDIAL DE l'\u00c9CONOMIE SOCIALE ET SOLIDAIRE","alternateName":"Bordeaux Gsef 2025","url":"https:\/\/bordeauxgsef2025.org\/","logo":{"@type":"ImageObject","inLanguage":"es","@id":"https:\/\/bordeauxgsef2025.org\/#\/schema\/logo\/image\/","url":"https:\/\/bordeauxgsef2025.org\/wp-content\/uploads\/2024\/10\/logo-carre-gsef2025.png","contentUrl":"https:\/\/bordeauxgsef2025.org\/wp-content\/uploads\/2024\/10\/logo-carre-gsef2025.png","width":800,"height":800,"caption":"FORUM MONDIAL DE l'\u00c9CONOMIE SOCIALE ET SOLIDAIRE"},"image":{"@id":"https:\/\/bordeauxgsef2025.org\/#\/schema\/logo\/image\/"},"sameAs":["https:\/\/www.facebook.com\/BordeauxGSEF2025\/","https:\/\/x.com\/BdxGSEF2025","https:\/\/www.linkedin.com\/company\/bordeaux-gsef-2025\/","https:\/\/www.instagram.com\/bordeaux_gsef2025\/"]}]}},"coauthors":[],"author_meta":{"author_link":"https:\/\/bordeauxgsef2025.org\/es\/author\/admin-ot\/","display_name":"admin-ot"},"relative_dates":{"created":"Publicado 2 a\u00f1os hace","modified":"Actualizado 1 a\u00f1o hace"},"absolute_dates":{"created":"Publicado el 16 octubre 2024","modified":"Actualizado el 30 abril 2025"},"absolute_dates_time":{"created":"Publicado el 16 octubre 2024 17h15","modified":"Actualizado el 30 abril 2025 10h57"},"featured_img_caption":"","featured_img":false,"series_order":"","_links":{"self":[{"href":"https:\/\/bordeauxgsef2025.org\/es\/wp-json\/wp\/v2\/pages\/1508","targetHints":{"allow":["GET"]}}],"collection":[{"href":"https:\/\/bordeauxgsef2025.org\/es\/wp-json\/wp\/v2\/pages"}],"about":[{"href":"https:\/\/bordeauxgsef2025.org\/es\/wp-json\/wp\/v2\/types\/page"}],"author":[{"embeddable":true,"href":"https:\/\/bordeauxgsef2025.org\/es\/wp-json\/wp\/v2\/users\/1"}],"replies":[{"embeddable":true,"href":"https:\/\/bordeauxgsef2025.org\/es\/wp-json\/wp\/v2\/comments?post=1508"}],"version-history":[{"count":117,"href":"https:\/\/bordeauxgsef2025.org\/es\/wp-json\/wp\/v2\/pages\/1508\/revisions"}],"predecessor-version":[{"id":5497,"href":"https:\/\/bordeauxgsef2025.org\/es\/wp-json\/wp\/v2\/pages\/1508\/revisions\/5497"}],"up":[{"embeddable":true,"href":"https:\/\/bordeauxgsef2025.org\/es\/wp-json\/wp\/v2\/pages\/2410"}],"wp:attachment":[{"href":"https:\/\/bordeauxgsef2025.org\/es\/wp-json\/wp\/v2\/media?parent=1508"}],"curies":[{"name":"wp","href":"https:\/\/api.w.org\/{rel}","templated":true}]}}