{"id":7787,"date":"2025-10-24T09:30:49","date_gmt":"2025-10-24T07:30:49","guid":{"rendered":"https:\/\/bordeauxgsef2025.org\/?page_id=7787"},"modified":"2025-10-24T10:47:02","modified_gmt":"2025-10-24T08:47:02","slug":"les-publications","status":"publish","type":"page","link":"https:\/\/bordeauxgsef2025.org\/en\/les-publications\/","title":{"rendered":"Publications"},"content":{"rendered":"<div style=\"height:15px\" aria-hidden=\"true\" class=\"wp-block-spacer\"><\/div>\n\n\n<div class=\"yoast-breadcrumbs\"><span><span><a href=\"https:\/\/bordeauxgsef2025.org\/en\/\">Home<\/a><\/span> \u00bb <span class=\"breadcrumb_last\" aria-current=\"page\"><strong>Publications<\/strong><\/span><\/span><\/div>\n\n\n<div style=\"height:15px\" aria-hidden=\"true\" class=\"wp-block-spacer\"><\/div>\n\n\n\n<div class=\"wp-block-columns is-layout-flex wp-container-core-columns-is-layout-28f84493 wp-block-columns-is-layout-flex\">\n<div class=\"wp-block-column is-layout-flow wp-block-column-is-layout-flow\" style=\"flex-basis:40%\">\n<figure class=\"wp-block-image size-large\"><img fetchpriority=\"high\" decoding=\"async\" width=\"1024\" height=\"742\" sizes=\"(max-width: 1024px) 100vw, 1024px\" src=\"https:\/\/dev.bordeauxgsef2025.org\/wp-content\/uploads\/2024\/10\/gsef-bx-2025-icono2-1024x742.png\" alt=\"\" class=\"wp-image-1357\" srcset=\"https:\/\/bordeauxgsef2025.org\/wp-content\/uploads\/2024\/10\/gsef-bx-2025-icono2-1024x742.png 1024w, https:\/\/bordeauxgsef2025.org\/wp-content\/uploads\/2024\/10\/gsef-bx-2025-icono2-300x217.png 300w, https:\/\/bordeauxgsef2025.org\/wp-content\/uploads\/2024\/10\/gsef-bx-2025-icono2-768x557.png 768w, https:\/\/bordeauxgsef2025.org\/wp-content\/uploads\/2024\/10\/gsef-bx-2025-icono2-18x12.png 18w, https:\/\/bordeauxgsef2025.org\/wp-content\/uploads\/2024\/10\/gsef-bx-2025-icono2.png 1098w\" \/><\/figure>\n<\/div>\n\n\n\n<div class=\"wp-block-column is-vertically-aligned-center has-text-color has-link-color wp-elements-7a4424c78395e5c6ce47f7982e63077f is-layout-flow wp-block-column-is-layout-flow\" style=\"color:#1e4b98;flex-basis:60%\">\n<h1 class=\"wp-block-heading has-large-font-size\"><strong><mark style=\"background-color:rgba(0, 0, 0, 0);color:#1e4b98\" class=\"has-inline-color\">Global SSE Forum<\/mark><br><mark style=\"background-color:rgba(0, 0, 0, 0);color:#009541\" class=\"has-inline-color\">Bordeaux<\/mark>\u00a0<mark style=\"background-color:rgba(0, 0, 0, 0);color:#1e4b98\" class=\"has-inline-color\">GSEF<\/mark>\u00a0<mark style=\"background-color:rgba(0, 0, 0, 0);color:#e4003e\" class=\"has-inline-color\">2025<\/mark><\/strong><\/h1>\n\n\n\n<p style=\"font-size:16px\"><strong>Here you will find publications directly related to the Forum to extend (or anticipate) your participation in certain sequences.<\/strong><\/p>\n<\/div>\n<\/div>\n\n\n\n<div style=\"height:15px\" aria-hidden=\"true\" class=\"wp-block-spacer\"><\/div>\n\n\n\n<h1 class=\"wp-block-heading\"><strong>Publications<\/strong><\/h1>\n\n\n\n<div class=\"wp-block-columns bloc-blanc  has-white-background-color has-background is-layout-flex wp-container-core-columns-is-layout-28f84493 wp-block-columns-is-layout-flex\">\n<div class=\"wp-block-column is-layout-flow wp-block-column-is-layout-flow\">\n<div style=\"height:2px\" aria-hidden=\"true\" class=\"wp-block-spacer\"><\/div>\n\n\n\n<h2 class=\"wp-block-heading has-text-align-left\" id=\"formats\"><strong>Local SSE policies in support of socio-ecological transition<\/strong><\/h2>\n\n\n\n<div class=\"wp-block-columns is-layout-flex wp-container-core-columns-is-layout-28f84493 wp-block-columns-is-layout-flex\">\n<div class=\"wp-block-column is-vertically-aligned-center is-layout-flow wp-block-column-is-layout-flow\" style=\"flex-basis:66.66%\">\n<p style=\"font-size:16px\">Local SSE policies in support of socio-ecological transition brings together seventeen working papers in response to a call for contributions launched by the GSEF's \u2018Research\u2019 working group. Coming from all corners of the world, these papers provide an overview of various direct and indirect local public policies supporting the social and solidarity economy. The scales vary, ranging, for example, from small municipalities (El Hoyo) to larger cities (Bordeaux, Grenoble, Montreal). The texts also identify contexts where local policies are derived from policies developed at higher levels, such as provincial (Gangwon) or national (Morocco, Haiti) policies. Finally, the examples demonstrate the great diversity of the SSE, ranging from a cultural festival in a rural area (Italy) to community and municipal banks (Brazil). These multilingual working papers, which bring together texts written in English, Spanish and French, highlight the processes of (co-)construction of local policies through experiences of institutionalizing the social and solidarity economy, which sometimes involve collaboration with actors in the field and sometimes political appropriation.<\/p>\n<\/div>\n\n\n\n<div class=\"wp-block-column is-vertically-aligned-center is-layout-flow wp-block-column-is-layout-flow\" style=\"flex-basis:33.33%\">\n<figure class=\"wp-block-image aligncenter size-large is-resized\"><img data-dominant-color=\"dde6e6\" data-has-transparency=\"false\" decoding=\"async\" width=\"724\" height=\"1024\" sizes=\"(max-width: 724px) 100vw, 724px\" src=\"https:\/\/bordeauxgsef2025.org\/wp-content\/uploads\/2025\/10\/local-SSE-policies-724x1024.png\" alt=\"\" class=\"wp-image-7756 not-transparent\" style=\"--dominant-color: #dde6e6; width:240px\" srcset=\"https:\/\/bordeauxgsef2025.org\/wp-content\/uploads\/2025\/10\/local-SSE-policies-724x1024.png 724w, https:\/\/bordeauxgsef2025.org\/wp-content\/uploads\/2025\/10\/local-SSE-policies-212x300.png 212w, https:\/\/bordeauxgsef2025.org\/wp-content\/uploads\/2025\/10\/local-SSE-policies-768x1086.png 768w, https:\/\/bordeauxgsef2025.org\/wp-content\/uploads\/2025\/10\/local-SSE-policies-1086x1536.png 1086w, https:\/\/bordeauxgsef2025.org\/wp-content\/uploads\/2025\/10\/local-SSE-policies-8x12.png 8w, https:\/\/bordeauxgsef2025.org\/wp-content\/uploads\/2025\/10\/local-SSE-policies.png 1448w\" \/><\/figure>\n<\/div>\n<\/div>\n\n\n\n<p style=\"font-size:16px\"><em>All of these texts will be available free of charge on the\u00a0<strong><a href=\"https:\/\/www.gsef-net.org\/en\" target=\"_blank\" rel=\"noreferrer noopener\">Gsef website<\/a>\u00a0<\/strong>in PDF format.<\/em><\/p>\n\n\n\n<p><strong><mark style=\"background-color:rgba(0, 0, 0, 0)\" class=\"has-inline-color has-vert-color\">Related forum event: Plenary session \u2018Local SSE policies: what ambition for scaling up?\u2019 \u2013 From 4.30 pm to 5.30 pm on Wednesday 29 October<\/mark><\/strong><\/p>\n\n\n\n<div style=\"height:15px\" aria-hidden=\"true\" class=\"wp-block-spacer\"><\/div>\n<\/div>\n<\/div>\n\n\n\n<div class=\"wp-block-columns bloc-blanc  has-white-background-color has-background is-layout-flex wp-container-core-columns-is-layout-28f84493 wp-block-columns-is-layout-flex\">\n<div class=\"wp-block-column is-layout-flow wp-block-column-is-layout-flow\">\n<div style=\"height:2px\" aria-hidden=\"true\" class=\"wp-block-spacer\"><\/div>\n\n\n\n<h2 class=\"wp-block-heading has-text-align-left\" id=\"formats\"><strong>The SSE in Nouvelle-Aquitaine: an essential contribution to achieving sustainable development goals<\/strong><\/h2>\n\n\n\n<div class=\"wp-block-columns is-layout-flex wp-container-core-columns-is-layout-28f84493 wp-block-columns-is-layout-flex\">\n<div class=\"wp-block-column is-vertically-aligned-center is-layout-flow wp-block-column-is-layout-flow\" style=\"flex-basis:66.66%\">\n<p style=\"font-size:16px\">This publication, produced at the initiative of the TerrESS Chair at Sciences Po Bordeaux and the Nouvelle-Aquitaine Regional Chamber of the SSE, with the support of the VYV Group, aims to report on the contribution of the Nouvelle-Aquitaine region to the global roadmap of 17 Sustainable Development Goals (SDGs). It provides concrete examples of the role played by the social and solidarity economy (SSE), not on the margins, but at the heart of economic, social and ecological transition, supported by the views of experts, public institutions, regional networks and researchers.<\/p>\n\n\n\n<p style=\"font-size:16px\">This initiative comes in the context of the historic UN resolution adopted on 18 April 2023, recognizing the SSE as a key player in the achievement of the SDGs. The booklet lists numerous initiatives in Nouvelle-Aquitaine, ranging from citizen energy cooperatives to reuse, sustainable agriculture and digital inclusion projects, positioning them within this global framework. The SSE is described as a cornerstone of the transitions thanks to its structural mode of action based on SDG 17 (partnerships and cooperation).<\/p>\n<\/div>\n\n\n\n<div class=\"wp-block-column is-vertically-aligned-center is-layout-flow wp-block-column-is-layout-flow\" style=\"flex-basis:33.33%\">\n<figure class=\"wp-block-image aligncenter size-full is-resized\"><img data-dominant-color=\"856d92\" data-has-transparency=\"false\" decoding=\"async\" width=\"580\" height=\"809\" sizes=\"(max-width: 580px) 100vw, 580px\" src=\"https:\/\/bordeauxgsef2025.org\/wp-content\/uploads\/2025\/10\/ESS-en-NA.png\" alt=\"\" class=\"wp-image-7771 not-transparent\" style=\"--dominant-color: #856d92; width:240px\" srcset=\"https:\/\/bordeauxgsef2025.org\/wp-content\/uploads\/2025\/10\/ESS-en-NA.png 580w, https:\/\/bordeauxgsef2025.org\/wp-content\/uploads\/2025\/10\/ESS-en-NA-215x300.png 215w, https:\/\/bordeauxgsef2025.org\/wp-content\/uploads\/2025\/10\/ESS-en-NA-9x12.png 9w\" \/><\/figure>\n<\/div>\n<\/div>\n\n\n\n<p style=\"font-size:16px\"><em><em>Distribution of the publication during the forum, website of the\u00a0<strong><a href=\"https:\/\/www.cress-na.org\/\" target=\"_blank\" rel=\"noreferrer noopener\">Regional Chamber of the SSE Nouvelle-Aquitaine<\/a><\/strong>\u00a0and the\u00a0<a href=\"https:\/\/chaireterres.hypotheses.org\/\" target=\"_blank\" rel=\"noreferrer noopener\"><strong>Chair of SSE Territories<\/strong><\/a><\/em>.<\/em><\/p>\n\n\n\n<div style=\"height:15px\" aria-hidden=\"true\" class=\"wp-block-spacer\"><\/div>\n<\/div>\n<\/div>\n\n\n\n<div class=\"wp-block-columns bloc-blanc  has-white-background-color has-background is-layout-flex wp-container-core-columns-is-layout-28f84493 wp-block-columns-is-layout-flex\">\n<div class=\"wp-block-column is-layout-flow wp-block-column-is-layout-flow\">\n<div style=\"height:2px\" aria-hidden=\"true\" class=\"wp-block-spacer\"><\/div>\n\n\n\n<h2 class=\"wp-block-heading has-text-align-left\" id=\"formats\"><strong>No Alternative? Spotlight on the Social and Solidarity Economy<\/strong><\/h2>\n\n\n\n<div class=\"wp-block-columns is-layout-flex wp-container-core-columns-is-layout-28f84493 wp-block-columns-is-layout-flex\">\n<div class=\"wp-block-column is-vertically-aligned-center is-layout-flow wp-block-column-is-layout-flow\" style=\"flex-basis:60%\">\n<p style=\"font-size:16px\">The world is in crisis and the challenges are staggering. As tensions, fears and, above all, feelings of powerlessness multiply, there seems to be only one possible solution: cut-throat competition and individual sacrifice. However, alternatives do exist, and among them, the social and solidarity economy (SSE) is one of the oldest but also one of the most fruitful. Ideas and actions: all over the world, its actors are developing, today as in the past, other ways of producing, sharing, protecting and innovating, for the benefit of both people and the planet. On the occasion of the global forum being held in France, the Jean-Jaur\u00e8s Foundation, the City of Bordeaux and Upcoop invite you to discover the actors, ideas, places and practices that are building this major alternative, which is more alive than ever, every day across five continents. Want to live and act in a different future? Take a tour of the SSE planet!<\/p>\n<\/div>\n\n\n\n<div class=\"wp-block-column is-vertically-aligned-center is-layout-flow wp-block-column-is-layout-flow\" style=\"flex-basis:40%\">\n<figure class=\"wp-block-image aligncenter size-full is-resized\"><img data-dominant-color=\"f2e1cf\" data-has-transparency=\"true\" loading=\"lazy\" decoding=\"async\" width=\"1131\" height=\"726\" sizes=\"(max-width: 1131px) 100vw, 1131px\" src=\"https:\/\/bordeauxgsef2025.org\/wp-content\/uploads\/2025\/10\/No-alternative.png\" alt=\"\" class=\"wp-image-7802 has-transparency\" style=\"--dominant-color: #f2e1cf; width:370px\" srcset=\"https:\/\/bordeauxgsef2025.org\/wp-content\/uploads\/2025\/10\/No-alternative.png 1131w, https:\/\/bordeauxgsef2025.org\/wp-content\/uploads\/2025\/10\/No-alternative-300x193.png 300w, https:\/\/bordeauxgsef2025.org\/wp-content\/uploads\/2025\/10\/No-alternative-1024x657.png 1024w, https:\/\/bordeauxgsef2025.org\/wp-content\/uploads\/2025\/10\/No-alternative-768x493.png 768w, https:\/\/bordeauxgsef2025.org\/wp-content\/uploads\/2025\/10\/No-alternative-18x12.png 18w\" \/><\/figure>\n<\/div>\n<\/div>\n\n\n\n<p style=\"font-size:16px\"><em>At the Forum on the Upcoop and City of Bordeaux stands, at the <a href=\"https:\/\/www.helloasso.com\/associations\/fondation-jean-jaures\/boutiques\/la-boutique-de-la-fondation-jean-jaures\"><strong>HelloAsso bookshop of the Jean-Jaur\u00e8s Foundation<\/strong><\/a> and in good bookshops.<\/em><\/p>\n\n\n\n<p><strong><mark style=\"background-color:rgba(0, 0, 0, 0)\" class=\"has-inline-color has-vert-color\">Related forum event: Round table \u2018No alternative? A tour of the ESS planet\u2019 on Wednesday 29 October at 11.05 am<\/mark><\/strong><\/p>\n\n\n\n<div style=\"height:15px\" aria-hidden=\"true\" class=\"wp-block-spacer\"><\/div>\n<\/div>\n<\/div>","protected":false},"excerpt":{"rendered":"<p>Le Forum mondial de l\u2019ESSBordeaux\u00a0GSEF\u00a02025 Vous trouverez ici les publications en lien direct avec le Forum pour prolonger (ou anticiper) votre participation \u00e0 certaines s\u00e9quences. Les publications Les Politiques locales d\u2019ESS au service de la transition socio-\u00e9cologique Les Politiques locales d\u2019ESS au service de la transition socio-\u00e9cologique rassemble dix-sept working papers r\u00e9pondant \u00e0 un appel [&hellip;]<\/p>","protected":false},"author":3,"featured_media":0,"parent":0,"menu_order":0,"comment_status":"closed","ping_status":"closed","template":"","meta":{"_acf_changed":false,"advgb_blocks_editor_width":"","advgb_blocks_columns_visual_guide":"","footnotes":""},"class_list":["post-7787","page","type-page","status-publish","hentry"],"acf":[],"yoast_head":"<!-- This site is optimized with the Yoast SEO plugin v26.5 - https:\/\/yoast.com\/wordpress\/plugins\/seo\/ -->\n<title>Les publications &#8226; FORUM MONDIAL DE l&#039;\u00c9CONOMIE SOCIALE ET SOLIDAIRE<\/title>\n<meta name=\"robots\" content=\"index, follow, max-snippet:-1, max-image-preview:large, max-video-preview:-1\" \/>\n<link rel=\"canonical\" href=\"https:\/\/bordeauxgsef2025.org\/en\/les-publications\/\" \/>\n<meta property=\"og:locale\" content=\"en_US\" \/>\n<meta property=\"og:type\" content=\"article\" \/>\n<meta property=\"og:title\" content=\"Les publications &#8226; FORUM MONDIAL DE l&#039;\u00c9CONOMIE SOCIALE ET SOLIDAIRE\" \/>\n<meta property=\"og:description\" content=\"Le Forum mondial de l\u2019ESSBordeaux\u00a0GSEF\u00a02025 Vous trouverez ici les publications en lien direct avec le Forum pour prolonger (ou anticiper) votre participation \u00e0 certaines s\u00e9quences. Les publications Les Politiques locales d\u2019ESS au service de la transition socio-\u00e9cologique Les Politiques locales d\u2019ESS au service de la transition socio-\u00e9cologique rassemble dix-sept working papers r\u00e9pondant \u00e0 un appel [&hellip;]\" \/>\n<meta property=\"og:url\" content=\"https:\/\/bordeauxgsef2025.org\/en\/les-publications\/\" \/>\n<meta property=\"og:site_name\" content=\"FORUM MONDIAL DE l&#039;\u00c9CONOMIE SOCIALE ET SOLIDAIRE\" \/>\n<meta property=\"article:publisher\" content=\"https:\/\/www.facebook.com\/BordeauxGSEF2025\/\" \/>\n<meta property=\"article:modified_time\" content=\"2025-10-24T08:47:02+00:00\" \/>\n<meta property=\"og:image\" content=\"https:\/\/bordeauxgsef2025.org\/wp-content\/uploads\/2024\/10\/gsef-bx-2025-icono2.png\" \/>\n\t<meta property=\"og:image:width\" content=\"1098\" \/>\n\t<meta property=\"og:image:height\" content=\"796\" \/>\n\t<meta property=\"og:image:type\" content=\"image\/png\" \/>\n<meta name=\"twitter:card\" content=\"summary_large_image\" \/>\n<meta name=\"twitter:site\" content=\"@BdxGSEF2025\" \/>\n<script type=\"application\/ld+json\" class=\"yoast-schema-graph\">{\"@context\":\"https:\/\/schema.org\",\"@graph\":[{\"@type\":\"WebPage\",\"@id\":\"https:\/\/bordeauxgsef2025.org\/les-publications\/\",\"url\":\"https:\/\/bordeauxgsef2025.org\/les-publications\/\",\"name\":\"Les publications &#8226; FORUM MONDIAL DE l&#039;\u00c9CONOMIE SOCIALE ET SOLIDAIRE\",\"isPartOf\":{\"@id\":\"https:\/\/bordeauxgsef2025.org\/#website\"},\"primaryImageOfPage\":{\"@id\":\"https:\/\/bordeauxgsef2025.org\/les-publications\/#primaryimage\"},\"image\":{\"@id\":\"https:\/\/bordeauxgsef2025.org\/les-publications\/#primaryimage\"},\"thumbnailUrl\":\"https:\/\/dev.bordeauxgsef2025.org\/wp-content\/uploads\/2024\/10\/gsef-bx-2025-icono2-1024x742.png\",\"datePublished\":\"2025-10-24T07:30:49+00:00\",\"dateModified\":\"2025-10-24T08:47:02+00:00\",\"breadcrumb\":{\"@id\":\"https:\/\/bordeauxgsef2025.org\/les-publications\/#breadcrumb\"},\"inLanguage\":\"en-US\",\"potentialAction\":[{\"@type\":\"ReadAction\",\"target\":[\"https:\/\/bordeauxgsef2025.org\/les-publications\/\"]}]},{\"@type\":\"ImageObject\",\"inLanguage\":\"en-US\",\"@id\":\"https:\/\/bordeauxgsef2025.org\/les-publications\/#primaryimage\",\"url\":\"https:\/\/dev.bordeauxgsef2025.org\/wp-content\/uploads\/2024\/10\/gsef-bx-2025-icono2-1024x742.png\",\"contentUrl\":\"https:\/\/dev.bordeauxgsef2025.org\/wp-content\/uploads\/2024\/10\/gsef-bx-2025-icono2-1024x742.png\"},{\"@type\":\"BreadcrumbList\",\"@id\":\"https:\/\/bordeauxgsef2025.org\/les-publications\/#breadcrumb\",\"itemListElement\":[{\"@type\":\"ListItem\",\"position\":1,\"name\":\"Accueil\",\"item\":\"https:\/\/bordeauxgsef2025.org\/\"},{\"@type\":\"ListItem\",\"position\":2,\"name\":\"Les publications\"}]},{\"@type\":\"WebSite\",\"@id\":\"https:\/\/bordeauxgsef2025.org\/#website\",\"url\":\"https:\/\/bordeauxgsef2025.org\/\",\"name\":\"FORUM MONDIAL DE l'\u00c9CONOMIE SOCIALE ET SOLIDAIRE\",\"description\":\"Bordeaux 29 30 31 Octobre 2025\",\"publisher\":{\"@id\":\"https:\/\/bordeauxgsef2025.org\/#organization\"},\"alternateName\":\"BORDEAUX GSEF 225\",\"potentialAction\":[{\"@type\":\"SearchAction\",\"target\":{\"@type\":\"EntryPoint\",\"urlTemplate\":\"https:\/\/bordeauxgsef2025.org\/?s={search_term_string}\"},\"query-input\":{\"@type\":\"PropertyValueSpecification\",\"valueRequired\":true,\"valueName\":\"search_term_string\"}}],\"inLanguage\":\"en-US\"},{\"@type\":\"Organization\",\"@id\":\"https:\/\/bordeauxgsef2025.org\/#organization\",\"name\":\"FORUM MONDIAL DE l'\u00c9CONOMIE SOCIALE ET SOLIDAIRE\",\"alternateName\":\"Bordeaux Gsef 2025\",\"url\":\"https:\/\/bordeauxgsef2025.org\/\",\"logo\":{\"@type\":\"ImageObject\",\"inLanguage\":\"en-US\",\"@id\":\"https:\/\/bordeauxgsef2025.org\/#\/schema\/logo\/image\/\",\"url\":\"https:\/\/bordeauxgsef2025.org\/wp-content\/uploads\/2024\/10\/logo-carre-gsef2025.png\",\"contentUrl\":\"https:\/\/bordeauxgsef2025.org\/wp-content\/uploads\/2024\/10\/logo-carre-gsef2025.png\",\"width\":800,\"height\":800,\"caption\":\"FORUM MONDIAL DE l'\u00c9CONOMIE SOCIALE ET SOLIDAIRE\"},\"image\":{\"@id\":\"https:\/\/bordeauxgsef2025.org\/#\/schema\/logo\/image\/\"},\"sameAs\":[\"https:\/\/www.facebook.com\/BordeauxGSEF2025\/\",\"https:\/\/x.com\/BdxGSEF2025\",\"https:\/\/www.linkedin.com\/company\/bordeaux-gsef-2025\/\",\"https:\/\/www.instagram.com\/bordeaux_gsef2025\/\"]}]}<\/script>\n<!-- \/ Yoast SEO plugin. -->","yoast_head_json":{"title":"Les publications &#8226; FORUM MONDIAL DE l&#039;\u00c9CONOMIE SOCIALE ET SOLIDAIRE","robots":{"index":"index","follow":"follow","max-snippet":"max-snippet:-1","max-image-preview":"max-image-preview:large","max-video-preview":"max-video-preview:-1"},"canonical":"https:\/\/bordeauxgsef2025.org\/en\/les-publications\/","og_locale":"en_US","og_type":"article","og_title":"Les publications &#8226; FORUM MONDIAL DE l&#039;\u00c9CONOMIE SOCIALE ET SOLIDAIRE","og_description":"Le Forum mondial de l\u2019ESSBordeaux\u00a0GSEF\u00a02025 Vous trouverez ici les publications en lien direct avec le Forum pour prolonger (ou anticiper) votre participation \u00e0 certaines s\u00e9quences. Les publications Les Politiques locales d\u2019ESS au service de la transition socio-\u00e9cologique Les Politiques locales d\u2019ESS au service de la transition socio-\u00e9cologique rassemble dix-sept working papers r\u00e9pondant \u00e0 un appel [&hellip;]","og_url":"https:\/\/bordeauxgsef2025.org\/en\/les-publications\/","og_site_name":"FORUM MONDIAL DE l&#039;\u00c9CONOMIE SOCIALE ET SOLIDAIRE","article_publisher":"https:\/\/www.facebook.com\/BordeauxGSEF2025\/","article_modified_time":"2025-10-24T08:47:02+00:00","og_image":[{"width":1098,"height":796,"url":"https:\/\/bordeauxgsef2025.org\/wp-content\/uploads\/2024\/10\/gsef-bx-2025-icono2.png","type":"image\/png"}],"twitter_card":"summary_large_image","twitter_site":"@BdxGSEF2025","schema":{"@context":"https:\/\/schema.org","@graph":[{"@type":"WebPage","@id":"https:\/\/bordeauxgsef2025.org\/les-publications\/","url":"https:\/\/bordeauxgsef2025.org\/les-publications\/","name":"Les publications &#8226; FORUM MONDIAL DE l&#039;\u00c9CONOMIE SOCIALE ET SOLIDAIRE","isPartOf":{"@id":"https:\/\/bordeauxgsef2025.org\/#website"},"primaryImageOfPage":{"@id":"https:\/\/bordeauxgsef2025.org\/les-publications\/#primaryimage"},"image":{"@id":"https:\/\/bordeauxgsef2025.org\/les-publications\/#primaryimage"},"thumbnailUrl":"https:\/\/dev.bordeauxgsef2025.org\/wp-content\/uploads\/2024\/10\/gsef-bx-2025-icono2-1024x742.png","datePublished":"2025-10-24T07:30:49+00:00","dateModified":"2025-10-24T08:47:02+00:00","breadcrumb":{"@id":"https:\/\/bordeauxgsef2025.org\/les-publications\/#breadcrumb"},"inLanguage":"en-US","potentialAction":[{"@type":"ReadAction","target":["https:\/\/bordeauxgsef2025.org\/les-publications\/"]}]},{"@type":"ImageObject","inLanguage":"en-US","@id":"https:\/\/bordeauxgsef2025.org\/les-publications\/#primaryimage","url":"https:\/\/dev.bordeauxgsef2025.org\/wp-content\/uploads\/2024\/10\/gsef-bx-2025-icono2-1024x742.png","contentUrl":"https:\/\/dev.bordeauxgsef2025.org\/wp-content\/uploads\/2024\/10\/gsef-bx-2025-icono2-1024x742.png"},{"@type":"BreadcrumbList","@id":"https:\/\/bordeauxgsef2025.org\/les-publications\/#breadcrumb","itemListElement":[{"@type":"ListItem","position":1,"name":"Accueil","item":"https:\/\/bordeauxgsef2025.org\/"},{"@type":"ListItem","position":2,"name":"Les publications"}]},{"@type":"WebSite","@id":"https:\/\/bordeauxgsef2025.org\/#website","url":"https:\/\/bordeauxgsef2025.org\/","name":"FORUM MONDIAL DE l'\u00c9CONOMIE SOCIALE ET SOLIDAIRE","description":"Bordeaux 29 30 31 Octobre 2025","publisher":{"@id":"https:\/\/bordeauxgsef2025.org\/#organization"},"alternateName":"BORDEAUX GSEF 225","potentialAction":[{"@type":"SearchAction","target":{"@type":"EntryPoint","urlTemplate":"https:\/\/bordeauxgsef2025.org\/?s={search_term_string}"},"query-input":{"@type":"PropertyValueSpecification","valueRequired":true,"valueName":"search_term_string"}}],"inLanguage":"en-US"},{"@type":"Organization","@id":"https:\/\/bordeauxgsef2025.org\/#organization","name":"FORUM MONDIAL DE l'\u00c9CONOMIE SOCIALE ET SOLIDAIRE","alternateName":"Bordeaux Gsef 2025","url":"https:\/\/bordeauxgsef2025.org\/","logo":{"@type":"ImageObject","inLanguage":"en-US","@id":"https:\/\/bordeauxgsef2025.org\/#\/schema\/logo\/image\/","url":"https:\/\/bordeauxgsef2025.org\/wp-content\/uploads\/2024\/10\/logo-carre-gsef2025.png","contentUrl":"https:\/\/bordeauxgsef2025.org\/wp-content\/uploads\/2024\/10\/logo-carre-gsef2025.png","width":800,"height":800,"caption":"FORUM MONDIAL DE l'\u00c9CONOMIE SOCIALE ET SOLIDAIRE"},"image":{"@id":"https:\/\/bordeauxgsef2025.org\/#\/schema\/logo\/image\/"},"sameAs":["https:\/\/www.facebook.com\/BordeauxGSEF2025\/","https:\/\/x.com\/BdxGSEF2025","https:\/\/www.linkedin.com\/company\/bordeaux-gsef-2025\/","https:\/\/www.instagram.com\/bordeaux_gsef2025\/"]}]}},"coauthors":[],"author_meta":{"author_link":"https:\/\/bordeauxgsef2025.org\/en\/author\/lorena\/","display_name":"Lorena Lacombe"},"relative_dates":{"created":"Posted 6 months ago","modified":"Updated 6 months ago"},"absolute_dates":{"created":"Posted on 24 October 2025","modified":"Updated on 24 October 2025"},"absolute_dates_time":{"created":"Posted on 24 October 2025 9h30","modified":"Updated on 24 October 2025 10h47"},"featured_img_caption":"","featured_img":false,"series_order":"","_links":{"self":[{"href":"https:\/\/bordeauxgsef2025.org\/en\/wp-json\/wp\/v2\/pages\/7787","targetHints":{"allow":["GET"]}}],"collection":[{"href":"https:\/\/bordeauxgsef2025.org\/en\/wp-json\/wp\/v2\/pages"}],"about":[{"href":"https:\/\/bordeauxgsef2025.org\/en\/wp-json\/wp\/v2\/types\/page"}],"author":[{"embeddable":true,"href":"https:\/\/bordeauxgsef2025.org\/en\/wp-json\/wp\/v2\/users\/3"}],"replies":[{"embeddable":true,"href":"https:\/\/bordeauxgsef2025.org\/en\/wp-json\/wp\/v2\/comments?post=7787"}],"version-history":[{"count":13,"href":"https:\/\/bordeauxgsef2025.org\/en\/wp-json\/wp\/v2\/pages\/7787\/revisions"}],"predecessor-version":[{"id":7809,"href":"https:\/\/bordeauxgsef2025.org\/en\/wp-json\/wp\/v2\/pages\/7787\/revisions\/7809"}],"wp:attachment":[{"href":"https:\/\/bordeauxgsef2025.org\/en\/wp-json\/wp\/v2\/media?parent=7787"}],"curies":[{"name":"wp","href":"https:\/\/api.w.org\/{rel}","templated":true}]}}