{"id":3759,"date":"2025-04-10T16:48:18","date_gmt":"2025-04-10T14:48:18","guid":{"rendered":"https:\/\/bordeauxgsef2025.org\/?page_id=3759"},"modified":"2025-05-28T11:51:50","modified_gmt":"2025-05-28T09:51:50","slug":"volontariat","status":"publish","type":"page","link":"https:\/\/bordeauxgsef2025.org\/en\/volontariat\/","title":{"rendered":"Volunteering"},"content":{"rendered":"<div style=\"height:20px\" aria-hidden=\"true\" class=\"wp-block-spacer\"><\/div>\n\n\n<div class=\"yoast-breadcrumbs\"><span><span><a href=\"https:\/\/bordeauxgsef2025.org\/en\/\">Home<\/a><\/span> \u00bb <span class=\"breadcrumb_last\" aria-current=\"page\"><strong>Volunteering<\/strong><\/span><\/span><\/div>\n\n\n<div style=\"height:20px\" aria-hidden=\"true\" class=\"wp-block-spacer\"><\/div>\n\n\n\n<h1 class=\"wp-block-heading\"><strong>Volunteering<\/strong><\/h1>\n\n\n\n<div class=\"wp-block-columns bloc-blanc  has-white-background-color has-background is-layout-flex wp-container-core-columns-is-layout-28f84493 wp-block-columns-is-layout-flex\">\n<div class=\"wp-block-column is-vertically-aligned-stretch is-layout-flow wp-block-column-is-layout-flow\" style=\"flex-basis:100%\">\n<p><strong>The smooth organization of the Forum at the Palais 2 l'Atlantique and Hangar 14, as well as programming in certain satellite locations, also relies on the mobilization of volunteers who will be helping out with the installation of certain scenographies, pre-registration, ticket reception, the stand area, the management of workshops and the plenary stage, the media area, the VIP area, etc. <mark style=\"background-color:rgba(0, 0, 0, 0);color:#1e4b98\" class=\"has-inline-color\">Varied missions for all profiles! <\/mark><\/strong><\/p>\n\n\n\n<p><\/p>\n\n\n\n<div class=\"wp-block-columns is-layout-flex wp-container-core-columns-is-layout-b527c1df wp-block-columns-is-layout-flex\" style=\"padding-top:0px;padding-right:0px;padding-bottom:0px;padding-left:0px\">\n<div class=\"wp-block-column is-layout-flow wp-block-column-is-layout-flow\">\n<p>La campagne de recrutement bat son plein depuis d\u00e9but avril et re\u00e7oit chaque jour des candidatures du grand public. Tous motiv\u00e9s pour contribuer \u00e0 leur mani\u00e8re \u00e0 un \u00e9v\u00e9nement&nbsp;d\u2019ampleur internationale, o\u00f9 l\u2019ESS&nbsp;sera mise au-devant de la sc\u00e8ne pour montrer qu&rsquo;un autre monde est possible. Une d\u00e9monstration plus que&nbsp;jamais essentielle dans le contexte actuel&nbsp;!<\/p>\n\n\n\n<h2 class=\"wp-block-heading\" style=\"font-size:18px\"><strong>How to become a volunteer:<\/strong><\/h2>\n\n\n\n<ul class=\"wp-block-list\">\n<li>over 18 years of age;<\/li>\n\n\n\n<li>have an excellent level of English and\/or Spanish;<\/li>\n\n\n\n<li>be available for 2 days between October 27 and 31.<\/li>\n<\/ul>\n\n\n\n<p class=\"has-text-color has-link-color wp-elements-3d1acae5c6cdd9fa8b3cb0f4eeee700b\" style=\"color:#1e4b98\"><strong>Volunteers will be provided with lunch and a clothing pack in the event's colors.<\/strong><\/p>\n\n\n\n<p class=\"has-text-color has-link-color wp-elements-7b4dead196c4755f0ed555043cd796d5\" style=\"color:#009541\"><strong>Vous avez \u00e9t\u00e9 nombreux \u00e0 vous porter volontaire pour le Forum Bordeaux GSEF 2025&nbsp;! Merci&nbsp;!<\/strong><\/p>\n\n\n\n\n\n<p><strong>Notre formulaire d\u2019inscription est \u00e0 pr\u00e9sent clos.<\/strong><\/p>\n\n\n\n<p class=\"has-text-align-center\"><\/p>\n<\/div>\n\n\n\n<div class=\"wp-block-column is-vertically-aligned-center is-layout-flow wp-block-column-is-layout-flow\">\n<figure class=\"wp-block-image size-full\"><img fetchpriority=\"high\" decoding=\"async\" width=\"550\" height=\"551\" sizes=\"(max-width: 550px) 100vw, 550px\" src=\"https:\/\/bordeauxgsef2025.org\/wp-content\/uploads\/2025\/04\/vignette-campagne-volontaire-bordeaux-gsef2025.jpg\" alt=\"\" class=\"wp-image-3779\" srcset=\"https:\/\/bordeauxgsef2025.org\/wp-content\/uploads\/2025\/04\/vignette-campagne-volontaire-bordeaux-gsef2025.jpg 550w, https:\/\/bordeauxgsef2025.org\/wp-content\/uploads\/2025\/04\/vignette-campagne-volontaire-bordeaux-gsef2025-300x300.jpg 300w, https:\/\/bordeauxgsef2025.org\/wp-content\/uploads\/2025\/04\/vignette-campagne-volontaire-bordeaux-gsef2025-150x150.jpg 150w, https:\/\/bordeauxgsef2025.org\/wp-content\/uploads\/2025\/04\/vignette-campagne-volontaire-bordeaux-gsef2025-12x12.jpg 12w\" \/><\/figure>\n\n\n\n<div class=\"wp-block-buttons is-content-justification-center is-layout-flex wp-container-core-buttons-is-layout-a89b3969 wp-block-buttons-is-layout-flex\"><\/div>\n<\/div>\n<\/div>\n\n\n\n<p class=\"has-text-color has-background has-link-color wp-elements-f66838741600d033f6350561cf22816e\" style=\"color:#1e4b98;background-color:#f7f7ff\"><strong>The organising team is not responsible for travel, accommodation or visa applications. It is therefore advisable to live close to the Forum to become a volunteer.<\/strong><\/p>\n\n\n\n<div class=\"wp-block-columns is-layout-flex wp-container-core-columns-is-layout-28f84493 wp-block-columns-is-layout-flex\">\n<div class=\"wp-block-column is-layout-flow wp-block-column-is-layout-flow\" style=\"flex-basis:20%\"><\/div>\n\n\n\n<div class=\"wp-block-column is-layout-flow wp-block-column-is-layout-flow\" style=\"flex-basis:60%\">\n<h2 class=\"wp-block-heading has-text-align-center\" style=\"font-size:18px\"><strong>Prochaines \u00e9tapes&nbsp;:<\/strong><\/h2>\n\n\n\n<ul class=\"wp-block-list\">\n<li><strong>June 17<\/strong>&nbsp;\u2013 volunteers welcome from 5pm (program to follow): presentation of the Forum and the different missions by the organizing team.<\/li>\n\n\n\n<li><strong>July\/August<\/strong>&nbsp;\u2013 finalization of missions and assignments.<\/li>\n\n\n\n<li><strong>September<\/strong>&nbsp;\u2013 finalization of assignments and schedules, distribution of kits, signature of volunteer charter.<\/li>\n\n\n\n<li><strong>October<\/strong>&nbsp;\u2013 site scouting and final briefings.<\/li>\n<\/ul>\n\n\n\n<h3 class=\"wp-block-heading has-text-align-center has-text-color has-link-color wp-elements-f070434140f7c7e88cf436f5b953fc35\" style=\"color:#009541;font-size:18px\"><strong>October 27, 28, 29, 30 and 31: GO GO GO!!!<\/strong> <\/h3>\n\n\n\n<p class=\"has-text-align-center\">In the weeks following the Forum, we'll be holding a get-together to thank all our volunteers.<\/p>\n<\/div>\n\n\n\n<div class=\"wp-block-column is-layout-flow wp-block-column-is-layout-flow\" style=\"flex-basis:20%\"><\/div>\n<\/div>\n<\/div>\n<\/div>\n\n\n\n<p><\/p>","protected":false},"excerpt":{"rendered":"<p>Volontariat La bonne organisation du Forum au Palais de l\u2019Atlantique mais aussi au Hangar 14 ainsi que la programmation dans certains lieux satellites, repose \u00e9galement sur la mobilisation de volontaires qui apporteront leur concours pour l\u2019installation de certaines sc\u00e9nographies, le pr\u00e9-accueil, l\u2019accueil billetterie, l\u2019espace stands, la gestion des ateliers et du plateau de pl\u00e9ni\u00e8re, l\u2019espace [&hellip;]<\/p>","protected":false},"author":1,"featured_media":0,"parent":0,"menu_order":0,"comment_status":"closed","ping_status":"closed","template":"","meta":{"_acf_changed":false,"advgb_blocks_editor_width":"","advgb_blocks_columns_visual_guide":"","footnotes":"[]"},"class_list":["post-3759","page","type-page","status-publish","hentry"],"acf":[],"yoast_head":"<!-- This site is optimized with the Yoast SEO plugin v26.5 - https:\/\/yoast.com\/wordpress\/plugins\/seo\/ -->\n<title>Volontariat &#8226; FORUM MONDIAL DE l&#039;\u00c9CONOMIE SOCIALE ET SOLIDAIRE<\/title>\n<meta name=\"robots\" content=\"index, follow, max-snippet:-1, max-image-preview:large, max-video-preview:-1\" \/>\n<link rel=\"canonical\" href=\"https:\/\/bordeauxgsef2025.org\/en\/volontariat\/\" \/>\n<meta property=\"og:locale\" content=\"en_US\" \/>\n<meta property=\"og:type\" content=\"article\" \/>\n<meta property=\"og:title\" content=\"Volontariat &#8226; FORUM MONDIAL DE l&#039;\u00c9CONOMIE SOCIALE ET SOLIDAIRE\" \/>\n<meta property=\"og:description\" content=\"Volontariat La bonne organisation du Forum au Palais de l\u2019Atlantique mais aussi au Hangar 14 ainsi que la programmation dans certains lieux satellites, repose \u00e9galement sur la mobilisation de volontaires qui apporteront leur concours pour l\u2019installation de certaines sc\u00e9nographies, le pr\u00e9-accueil, l\u2019accueil billetterie, l\u2019espace stands, la gestion des ateliers et du plateau de pl\u00e9ni\u00e8re, l\u2019espace [&hellip;]\" \/>\n<meta property=\"og:url\" content=\"https:\/\/bordeauxgsef2025.org\/en\/volontariat\/\" \/>\n<meta property=\"og:site_name\" content=\"FORUM MONDIAL DE l&#039;\u00c9CONOMIE SOCIALE ET SOLIDAIRE\" \/>\n<meta property=\"article:publisher\" content=\"https:\/\/www.facebook.com\/BordeauxGSEF2025\/\" \/>\n<meta property=\"article:modified_time\" content=\"2025-05-28T09:51:50+00:00\" \/>\n<meta property=\"og:image\" content=\"https:\/\/bordeauxgsef2025.org\/wp-content\/uploads\/2025\/04\/vignette-campagne-volontaire-bordeaux-gsef2025.jpg\" \/>\n\t<meta property=\"og:image:width\" content=\"550\" \/>\n\t<meta property=\"og:image:height\" content=\"551\" \/>\n\t<meta property=\"og:image:type\" content=\"image\/jpeg\" \/>\n<meta name=\"twitter:card\" content=\"summary_large_image\" \/>\n<meta name=\"twitter:site\" content=\"@BdxGSEF2025\" \/>\n<script type=\"application\/ld+json\" class=\"yoast-schema-graph\">{\"@context\":\"https:\/\/schema.org\",\"@graph\":[{\"@type\":\"WebPage\",\"@id\":\"https:\/\/bordeauxgsef2025.org\/volontariat\/\",\"url\":\"https:\/\/bordeauxgsef2025.org\/volontariat\/\",\"name\":\"Volontariat &#8226; FORUM MONDIAL DE l&#039;\u00c9CONOMIE SOCIALE ET SOLIDAIRE\",\"isPartOf\":{\"@id\":\"https:\/\/bordeauxgsef2025.org\/#website\"},\"primaryImageOfPage\":{\"@id\":\"https:\/\/bordeauxgsef2025.org\/volontariat\/#primaryimage\"},\"image\":{\"@id\":\"https:\/\/bordeauxgsef2025.org\/volontariat\/#primaryimage\"},\"thumbnailUrl\":\"https:\/\/bordeauxgsef2025.org\/wp-content\/uploads\/2025\/04\/vignette-campagne-volontaire-bordeaux-gsef2025.jpg\",\"datePublished\":\"2025-04-10T14:48:18+00:00\",\"dateModified\":\"2025-05-28T09:51:50+00:00\",\"breadcrumb\":{\"@id\":\"https:\/\/bordeauxgsef2025.org\/volontariat\/#breadcrumb\"},\"inLanguage\":\"en-US\",\"potentialAction\":[{\"@type\":\"ReadAction\",\"target\":[\"https:\/\/bordeauxgsef2025.org\/volontariat\/\"]}]},{\"@type\":\"ImageObject\",\"inLanguage\":\"en-US\",\"@id\":\"https:\/\/bordeauxgsef2025.org\/volontariat\/#primaryimage\",\"url\":\"https:\/\/bordeauxgsef2025.org\/wp-content\/uploads\/2025\/04\/vignette-campagne-volontaire-bordeaux-gsef2025.jpg\",\"contentUrl\":\"https:\/\/bordeauxgsef2025.org\/wp-content\/uploads\/2025\/04\/vignette-campagne-volontaire-bordeaux-gsef2025.jpg\"},{\"@type\":\"BreadcrumbList\",\"@id\":\"https:\/\/bordeauxgsef2025.org\/volontariat\/#breadcrumb\",\"itemListElement\":[{\"@type\":\"ListItem\",\"position\":1,\"name\":\"Accueil\",\"item\":\"https:\/\/bordeauxgsef2025.org\/\"},{\"@type\":\"ListItem\",\"position\":2,\"name\":\"Volontariat\"}]},{\"@type\":\"WebSite\",\"@id\":\"https:\/\/bordeauxgsef2025.org\/#website\",\"url\":\"https:\/\/bordeauxgsef2025.org\/\",\"name\":\"FORUM MONDIAL DE l'\u00c9CONOMIE SOCIALE ET SOLIDAIRE\",\"description\":\"Bordeaux 29 30 31 Octobre 2025\",\"publisher\":{\"@id\":\"https:\/\/bordeauxgsef2025.org\/#organization\"},\"alternateName\":\"BORDEAUX GSEF 225\",\"potentialAction\":[{\"@type\":\"SearchAction\",\"target\":{\"@type\":\"EntryPoint\",\"urlTemplate\":\"https:\/\/bordeauxgsef2025.org\/?s={search_term_string}\"},\"query-input\":{\"@type\":\"PropertyValueSpecification\",\"valueRequired\":true,\"valueName\":\"search_term_string\"}}],\"inLanguage\":\"en-US\"},{\"@type\":\"Organization\",\"@id\":\"https:\/\/bordeauxgsef2025.org\/#organization\",\"name\":\"FORUM MONDIAL DE l'\u00c9CONOMIE SOCIALE ET SOLIDAIRE\",\"alternateName\":\"Bordeaux Gsef 2025\",\"url\":\"https:\/\/bordeauxgsef2025.org\/\",\"logo\":{\"@type\":\"ImageObject\",\"inLanguage\":\"en-US\",\"@id\":\"https:\/\/bordeauxgsef2025.org\/#\/schema\/logo\/image\/\",\"url\":\"https:\/\/bordeauxgsef2025.org\/wp-content\/uploads\/2024\/10\/logo-carre-gsef2025.png\",\"contentUrl\":\"https:\/\/bordeauxgsef2025.org\/wp-content\/uploads\/2024\/10\/logo-carre-gsef2025.png\",\"width\":800,\"height\":800,\"caption\":\"FORUM MONDIAL DE l'\u00c9CONOMIE SOCIALE ET SOLIDAIRE\"},\"image\":{\"@id\":\"https:\/\/bordeauxgsef2025.org\/#\/schema\/logo\/image\/\"},\"sameAs\":[\"https:\/\/www.facebook.com\/BordeauxGSEF2025\/\",\"https:\/\/x.com\/BdxGSEF2025\",\"https:\/\/www.linkedin.com\/company\/bordeaux-gsef-2025\/\",\"https:\/\/www.instagram.com\/bordeaux_gsef2025\/\"]}]}<\/script>\n<!-- \/ Yoast SEO plugin. -->","yoast_head_json":{"title":"Volontariat &#8226; FORUM MONDIAL DE l&#039;\u00c9CONOMIE SOCIALE ET SOLIDAIRE","robots":{"index":"index","follow":"follow","max-snippet":"max-snippet:-1","max-image-preview":"max-image-preview:large","max-video-preview":"max-video-preview:-1"},"canonical":"https:\/\/bordeauxgsef2025.org\/en\/volontariat\/","og_locale":"en_US","og_type":"article","og_title":"Volontariat &#8226; FORUM MONDIAL DE l&#039;\u00c9CONOMIE SOCIALE ET SOLIDAIRE","og_description":"Volontariat La bonne organisation du Forum au Palais de l\u2019Atlantique mais aussi au Hangar 14 ainsi que la programmation dans certains lieux satellites, repose \u00e9galement sur la mobilisation de volontaires qui apporteront leur concours pour l\u2019installation de certaines sc\u00e9nographies, le pr\u00e9-accueil, l\u2019accueil billetterie, l\u2019espace stands, la gestion des ateliers et du plateau de pl\u00e9ni\u00e8re, l\u2019espace [&hellip;]","og_url":"https:\/\/bordeauxgsef2025.org\/en\/volontariat\/","og_site_name":"FORUM MONDIAL DE l&#039;\u00c9CONOMIE SOCIALE ET SOLIDAIRE","article_publisher":"https:\/\/www.facebook.com\/BordeauxGSEF2025\/","article_modified_time":"2025-05-28T09:51:50+00:00","og_image":[{"width":550,"height":551,"url":"https:\/\/bordeauxgsef2025.org\/wp-content\/uploads\/2025\/04\/vignette-campagne-volontaire-bordeaux-gsef2025.jpg","type":"image\/jpeg"}],"twitter_card":"summary_large_image","twitter_site":"@BdxGSEF2025","schema":{"@context":"https:\/\/schema.org","@graph":[{"@type":"WebPage","@id":"https:\/\/bordeauxgsef2025.org\/volontariat\/","url":"https:\/\/bordeauxgsef2025.org\/volontariat\/","name":"Volontariat &#8226; FORUM MONDIAL DE l&#039;\u00c9CONOMIE SOCIALE ET SOLIDAIRE","isPartOf":{"@id":"https:\/\/bordeauxgsef2025.org\/#website"},"primaryImageOfPage":{"@id":"https:\/\/bordeauxgsef2025.org\/volontariat\/#primaryimage"},"image":{"@id":"https:\/\/bordeauxgsef2025.org\/volontariat\/#primaryimage"},"thumbnailUrl":"https:\/\/bordeauxgsef2025.org\/wp-content\/uploads\/2025\/04\/vignette-campagne-volontaire-bordeaux-gsef2025.jpg","datePublished":"2025-04-10T14:48:18+00:00","dateModified":"2025-05-28T09:51:50+00:00","breadcrumb":{"@id":"https:\/\/bordeauxgsef2025.org\/volontariat\/#breadcrumb"},"inLanguage":"en-US","potentialAction":[{"@type":"ReadAction","target":["https:\/\/bordeauxgsef2025.org\/volontariat\/"]}]},{"@type":"ImageObject","inLanguage":"en-US","@id":"https:\/\/bordeauxgsef2025.org\/volontariat\/#primaryimage","url":"https:\/\/bordeauxgsef2025.org\/wp-content\/uploads\/2025\/04\/vignette-campagne-volontaire-bordeaux-gsef2025.jpg","contentUrl":"https:\/\/bordeauxgsef2025.org\/wp-content\/uploads\/2025\/04\/vignette-campagne-volontaire-bordeaux-gsef2025.jpg"},{"@type":"BreadcrumbList","@id":"https:\/\/bordeauxgsef2025.org\/volontariat\/#breadcrumb","itemListElement":[{"@type":"ListItem","position":1,"name":"Accueil","item":"https:\/\/bordeauxgsef2025.org\/"},{"@type":"ListItem","position":2,"name":"Volontariat"}]},{"@type":"WebSite","@id":"https:\/\/bordeauxgsef2025.org\/#website","url":"https:\/\/bordeauxgsef2025.org\/","name":"FORUM MONDIAL DE l'\u00c9CONOMIE SOCIALE ET SOLIDAIRE","description":"Bordeaux 29 30 31 Octobre 2025","publisher":{"@id":"https:\/\/bordeauxgsef2025.org\/#organization"},"alternateName":"BORDEAUX GSEF 225","potentialAction":[{"@type":"SearchAction","target":{"@type":"EntryPoint","urlTemplate":"https:\/\/bordeauxgsef2025.org\/?s={search_term_string}"},"query-input":{"@type":"PropertyValueSpecification","valueRequired":true,"valueName":"search_term_string"}}],"inLanguage":"en-US"},{"@type":"Organization","@id":"https:\/\/bordeauxgsef2025.org\/#organization","name":"FORUM MONDIAL DE l'\u00c9CONOMIE SOCIALE ET SOLIDAIRE","alternateName":"Bordeaux Gsef 2025","url":"https:\/\/bordeauxgsef2025.org\/","logo":{"@type":"ImageObject","inLanguage":"en-US","@id":"https:\/\/bordeauxgsef2025.org\/#\/schema\/logo\/image\/","url":"https:\/\/bordeauxgsef2025.org\/wp-content\/uploads\/2024\/10\/logo-carre-gsef2025.png","contentUrl":"https:\/\/bordeauxgsef2025.org\/wp-content\/uploads\/2024\/10\/logo-carre-gsef2025.png","width":800,"height":800,"caption":"FORUM MONDIAL DE l'\u00c9CONOMIE SOCIALE ET SOLIDAIRE"},"image":{"@id":"https:\/\/bordeauxgsef2025.org\/#\/schema\/logo\/image\/"},"sameAs":["https:\/\/www.facebook.com\/BordeauxGSEF2025\/","https:\/\/x.com\/BdxGSEF2025","https:\/\/www.linkedin.com\/company\/bordeaux-gsef-2025\/","https:\/\/www.instagram.com\/bordeaux_gsef2025\/"]}]}},"coauthors":[],"author_meta":{"author_link":"https:\/\/bordeauxgsef2025.org\/en\/author\/admin-ot\/","display_name":"admin-ot"},"relative_dates":{"created":"Posted 1 year ago","modified":"Updated 11 months ago"},"absolute_dates":{"created":"Posted on 10 April 2025","modified":"Updated on 28 May 2025"},"absolute_dates_time":{"created":"Posted on 10 April 2025 16h48","modified":"Updated on 28 May 2025 11h51"},"featured_img_caption":"","featured_img":false,"series_order":"","_links":{"self":[{"href":"https:\/\/bordeauxgsef2025.org\/en\/wp-json\/wp\/v2\/pages\/3759","targetHints":{"allow":["GET"]}}],"collection":[{"href":"https:\/\/bordeauxgsef2025.org\/en\/wp-json\/wp\/v2\/pages"}],"about":[{"href":"https:\/\/bordeauxgsef2025.org\/en\/wp-json\/wp\/v2\/types\/page"}],"author":[{"embeddable":true,"href":"https:\/\/bordeauxgsef2025.org\/en\/wp-json\/wp\/v2\/users\/1"}],"replies":[{"embeddable":true,"href":"https:\/\/bordeauxgsef2025.org\/en\/wp-json\/wp\/v2\/comments?post=3759"}],"version-history":[{"count":51,"href":"https:\/\/bordeauxgsef2025.org\/en\/wp-json\/wp\/v2\/pages\/3759\/revisions"}],"predecessor-version":[{"id":5996,"href":"https:\/\/bordeauxgsef2025.org\/en\/wp-json\/wp\/v2\/pages\/3759\/revisions\/5996"}],"wp:attachment":[{"href":"https:\/\/bordeauxgsef2025.org\/en\/wp-json\/wp\/v2\/media?parent=3759"}],"curies":[{"name":"wp","href":"https:\/\/api.w.org\/{rel}","templated":true}]}}