{"id":1720,"date":"2024-10-17T15:42:22","date_gmt":"2024-10-17T13:42:22","guid":{"rendered":"https:\/\/bordeauxgsef2025.org\/?page_id=1720"},"modified":"2025-04-09T16:58:51","modified_gmt":"2025-04-09T14:58:51","slug":"ess","status":"publish","type":"page","link":"https:\/\/bordeauxgsef2025.org\/en\/le-gsef\/ess\/","title":{"rendered":"SSE"},"content":{"rendered":"<div style=\"height:20px\" aria-hidden=\"true\" class=\"wp-block-spacer\"><\/div>\n\n\n<div class=\"yoast-breadcrumbs\"><span><span><a href=\"https:\/\/bordeauxgsef2025.org\/en\/\">Home<\/a><\/span> \u00bb <span><a href=\"https:\/\/bordeauxgsef2025.org\/en\/le-gsef\/\">GSEF<\/a><\/span> \u00bb <span class=\"breadcrumb_last\" aria-current=\"page\"><strong>SSE<\/strong><\/span><\/span><\/div>\n\n\n<div style=\"height:20px\" aria-hidden=\"true\" class=\"wp-block-spacer\"><\/div>\n\n\n\n<h1 class=\"wp-block-heading\">The&nbsp;<strong>S<\/strong>ocial and <strong>&nbsp;<\/strong><strong>S<\/strong>olidarity <strong>&nbsp;<\/strong><strong>E<\/strong>conomy<\/h1>\n\n\n\n<div class=\"wp-block-columns bloc-blanc  has-white-background-color has-background is-layout-flex wp-container-core-columns-is-layout-28f84493 wp-block-columns-is-layout-flex\">\n<div class=\"wp-block-column is-layout-flow wp-block-column-is-layout-flow\">\n<p><strong>The Social and Solidarity Economy (SSE) has a major role to play in favor of just transition, to strengthen the resilience of territories and the well-being of their inhabitants.<\/strong>&nbsp;This economy is characterized by the primacy of people and social or environmental objectives over profit, by democratic or participative governance, and by the principles of cooperation and mutual aid. This makes it particularly well adapted to the ecological and social transformations of our systems, redefining wealth and building sustainable, democratic and inclusive societies.\nTo achieve these ambitious goals, it needs to mobilize citizens more broadly, receive greater support and be at the core of major coalitions between private and public players, social\nclasses and countries in both southern and northern countries.<\/p>\n<\/div>\n<\/div>\n\n\n\n<div class=\"wp-block-columns bloc-blanc  has-white-background-color has-background is-layout-flex wp-container-core-columns-is-layout-28f84493 wp-block-columns-is-layout-flex\">\n<div class=\"wp-block-column is-layout-flow wp-block-column-is-layout-flow\">\n<h2 class=\"wp-block-heading has-text-color has-link-color wp-elements-a526e376883f3243afabdd2696ee5bdf\" style=\"color:#009541\"><strong>Worldwide<\/strong><\/h2>\n\n\n\n<p><strong>Existing on every continent<\/strong>, the SSE takes on different forms according\nto each country\u2019s history and culture, but is not always\nrepresented at the institutional and political levels.<\/p>\n\n\n\n<p>However, what these different forms do have in common is that they place the economy in a local context, as a means of development that is genuinely geared towards local people, and not as an end in itself.\nMany countries around the world have recently adopted a legislative framework or support policy for the SSE, or are considering doing so. Local governments have defined proactive policies to give the SSE a place.<\/p>\n<\/div>\n\n\n\n<div class=\"wp-block-column is-vertically-aligned-bottom is-layout-flow wp-block-column-is-layout-flow\">\n<p class=\"has-text-color has-link-color wp-elements-42e764cf5d771127784f584e954f77a5\" style=\"color:#1e4b98\"><strong>\u2198<\/strong> 2023 was a momentous year in terms of\ninternational recognition for the SSE, with\nthe adoption by the United Nations General\nAssembly of the resolution entitled \u201cPromoting\nthe Social and Solidarity Economy for Sustainable\nDevelopment\u201d, on 18 April. This resolution\nprovides an official de\ufb01nition of the SSE and\nrecognises its contribution to the achievement\nand localisation of the Sustainable Development\nGoals.<br>This recognition follows the adoption in 2022 of\nthe International Labour Conference Resolution\non Decent Work and the SSE, and the OECD\nCouncil Recommendation on the Social Solidarity\nEconomy and Social Innovation in the same year.<\/p>\n<\/div>\n<\/div>\n\n\n\n<div class=\"wp-block-columns bloc-blanc  has-white-background-color has-background is-layout-flex wp-container-core-columns-is-layout-28f84493 wp-block-columns-is-layout-flex\">\n<div class=\"wp-block-column is-layout-flow wp-block-column-is-layout-flow\">\n<h2 class=\"wp-block-heading has-text-color has-link-color wp-elements-f88a3c59ad2cca68af54358cfc59a36d\" style=\"color:#009541\"><strong>In Europe<\/strong><\/h2>\n\n\n\n<p>The Social and Solidarity Economy (SSE) is a reality in Europe, accounting for <strong>19.1 million jobs in the European Union<\/strong> (EU), 9% of the EU\u2019s working population and 10% of European GDP, according to a report by the European Economic and Social Council. A quarter of all companies created in Europe are SSE companies. The sector\u2019s potential is increasingly recognised by the different Member States, but only certain countries have adopted a comprehensive legislative framework for the SSE (France, Belgium, Italy, Portugal, Spain and Sweden).<\/p>\n<\/div>\n\n\n\n<div class=\"wp-block-column is-vertically-aligned-top is-layout-flow wp-block-column-is-layout-flow\">\n<div style=\"height:56px\" aria-hidden=\"true\" class=\"wp-block-spacer\"><\/div>\n\n\n\n<p class=\"has-text-color has-link-color wp-elements-e720e474c28c5a8735b1a1ecf12ca8c8\" style=\"color:#1e4b98\"><strong>\u2198<\/strong> On 27 November 2023, the Council of the European Union adopted a recommendation designed to provide guidelines for Member States on developing favourable social economy framework conditions.<\/p>\n<\/div>\n<\/div>\n\n\n\n<div class=\"wp-block-group is-layout-constrained wp-block-group-is-layout-constrained\">\n<div class=\"wp-block-columns bloc-blanc  has-white-background-color has-background is-layout-flex wp-container-core-columns-is-layout-28f84493 wp-block-columns-is-layout-flex\">\n<div class=\"wp-block-column is-layout-flow wp-block-column-is-layout-flow\">\n<div class=\"wp-block-columns is-layout-flex wp-container-core-columns-is-layout-28f84493 wp-block-columns-is-layout-flex\">\n<div class=\"wp-block-column is-layout-flow wp-block-column-is-layout-flow\">\n<h2 class=\"wp-block-heading has-text-color has-link-color wp-elements-a76dbd26853b5c53d2bd871c86fd8d90\" style=\"color:#009541\"><strong>In France<\/strong><\/h2>\n\n\n\n<h3 class=\"wp-block-heading\" style=\"font-size:22px\"><strong>A wide range of activities and legal forms<\/strong><\/h3>\n\n\n\n<p>SSE organizations cover a wide range of activities, backgrounds, sizes and projects. Everyone benefits collectively and on a daily basis from the services and products produced by the SSE sector, often without even realizing it: personal and business services, medical and social services, agriculture, energy, transport, construction, industry... all human activities are represented by:<\/p>\n\n\n\n<ul class=\"wp-block-list\">\n<li>cultural and social associations<\/li>\n\n\n\n<li>employee cooperatives<\/li>\n\n\n\n<li>integration structures<\/li>\n\n\n\n<li>mutual health and insurance companies<\/li>\n\n\n\n<li>commercial companies<\/li>\n\n\n\n<li>sports clubs<\/li>\n\n\n\n<li>agricultural cooperatives<\/li>\n\n\n\n<li>cooperative banks<\/li>\n\n\n\n<li>medico-social foundations...<\/li>\n<\/ul>\n<\/div>\n\n\n\n<div class=\"wp-block-column is-layout-flow wp-block-column-is-layout-flow\">\n<div style=\"height:68px\" aria-hidden=\"true\" class=\"wp-block-spacer\"><\/div>\n\n\n\n<p class=\"has-text-color has-link-color wp-elements-1cdda9c08ca726ed611de1e333166944\" style=\"color:#1e4b98\"><strong>\u2198<\/strong> The Social and Solidarity Economy (SSE) is a form of enterprise and economic development that brings together organisations seeking to reconcile cooperation with economic, social and environmental performance. \nThe French Law of 31 July 2014 laid down a broad legal framework for these organisations.<br>They are partnerships, not capital companies, and operate collectively and democratically, giving priority to the local area. Their objectives are either non-profit (1901 association law) or limited profit (SCIC - cooperative society of collective interest, SCOP - cooperative and participatory company, SCESS - commercial SSE society...).<\/p>\n\n\n\n<div style=\"height:22px\" aria-hidden=\"true\" class=\"wp-block-spacer\"><\/div>\n\n\n\n<div class=\"wp-block-columns is-layout-flex wp-container-core-columns-is-layout-28f84493 wp-block-columns-is-layout-flex\">\n<div class=\"wp-block-column blue has-background is-layout-flow wp-block-column-is-layout-flow\" style=\"background-color:#1f4b9933\">\n<p class=\"has-text-color has-link-color has-small-font-size wp-elements-b26b65214899b854d2d06ac4135095a3\" style=\"color:#1e4b98\"><strong>The Nouvelle-Aquitaine Regional Chamber for the Social and Solidarity Economy<\/strong> is an association representing SSE organisations in the region.<br>The 18 CRESS associations in France including overseas France derive their legitimacy from the Law of 31 July 2014 on the SSE, which recognises their role and missions. <br>They are all members of ESS France, the French Chamber for the Social and Solidarity Economy.<\/p>\n<\/div>\n<\/div>\n<\/div>\n<\/div>\n\n\n\n<div class=\"wp-block-buttons has-custom-font-size has-small-font-size is-content-justification-center is-layout-flex wp-container-core-buttons-is-layout-a89b3969 wp-block-buttons-is-layout-flex\"><\/div>\n\n\n\n<div class=\"wp-block-columns is-layout-flex wp-container-core-columns-is-layout-28f84493 wp-block-columns-is-layout-flex\">\n<div class=\"wp-block-column is-vertically-aligned-top is-layout-flow wp-block-column-is-layout-flow\" style=\"flex-basis:15%\">\n<p class=\"has-text-align-left\"><strong>Facts and Figures<\/strong><\/p>\n\n\n\n<hr class=\"wp-block-separator has-text-color has-alpha-channel-opacity has-background\" style=\"background-color:#1e4b98;color:#1e4b98\"\/>\n<\/div>\n<\/div>\n\n\n\n<div class=\"wp-block-columns is-layout-flex wp-container-core-columns-is-layout-28f84493 wp-block-columns-is-layout-flex\">\n<div class=\"wp-block-column is-vertically-aligned-top is-layout-flow wp-block-column-is-layout-flow\" style=\"flex-basis:7%\">\n<figure class=\"wp-block-image aligncenter size-full is-resized\"><img decoding=\"async\" width=\"209\" height=\"237\" sizes=\"(max-width: 209px) 100vw, 209px\" src=\"https:\/\/bordeauxgsef2025.org\/wp-content\/uploads\/2024\/10\/france.png\" alt=\"\" class=\"wp-image-1787\" style=\"width:65px;height:auto\" srcset=\"https:\/\/bordeauxgsef2025.org\/wp-content\/uploads\/2024\/10\/france.png 209w, https:\/\/bordeauxgsef2025.org\/wp-content\/uploads\/2024\/10\/france-11x12.png 11w\" \/><\/figure>\n<\/div>\n\n\n\n<div class=\"wp-block-column is-layout-flow wp-block-column-is-layout-flow\">\n<h4 class=\"wp-block-heading\"><strong>In France <sup data-fn=\"090c630a-c23b-4442-9203-c25aef771637\" class=\"fn\"><a id=\"090c630a-c23b-4442-9203-c25aef771637-link\" href=\"#090c630a-c23b-4442-9203-c25aef771637\">1<\/a><\/sup><\/strong><\/h4>\n\n\n\n<ul class=\"wp-block-list\">\n<li><strong>164,540 companies<\/strong><\/li>\n\n\n\n<li><strong>222,331 employer organisations<\/strong><\/li>\n\n\n\n<li><strong>2.4 million employees, 68% of whom are women<\/strong><\/li>\n\n\n\n<li><strong>14% of private employment<\/strong><\/li>\n\n\n\n<li><strong>21 million volunteers<\/strong><\/li>\n<\/ul>\n<\/div>\n\n\n\n<div class=\"wp-block-column is-vertically-aligned-top is-layout-flow wp-block-column-is-layout-flow\" style=\"flex-basis:7%\">\n<figure class=\"wp-block-image alignright size-full is-resized\"><img decoding=\"async\" width=\"209\" height=\"237\" sizes=\"(max-width: 209px) 100vw, 209px\" src=\"https:\/\/bordeauxgsef2025.org\/wp-content\/uploads\/2024\/10\/nouvelle-aquitaine.png\" alt=\"\" class=\"wp-image-1786\" style=\"width:65px;height:auto\" srcset=\"https:\/\/bordeauxgsef2025.org\/wp-content\/uploads\/2024\/10\/nouvelle-aquitaine.png 209w, https:\/\/bordeauxgsef2025.org\/wp-content\/uploads\/2024\/10\/nouvelle-aquitaine-11x12.png 11w\" \/><\/figure>\n<\/div>\n\n\n\n<div class=\"wp-block-column is-layout-flow wp-block-column-is-layout-flow\">\n<h4 class=\"wp-block-heading\"><strong>In Nouvelle-Aquitaine <sup data-fn=\"8ff95e6a-9bd5-43e7-8484-926b41d15d50\" class=\"fn\"><a id=\"8ff95e6a-9bd5-43e7-8484-926b41d15d50-link\" href=\"#8ff95e6a-9bd5-43e7-8484-926b41d15d50\">2<\/a><\/sup><\/strong><\/h4>\n\n\n\n<ul class=\"wp-block-list\">\n<li><strong>19,840 employer organisations<\/strong><br>(10% of private establishments)<\/li>\n\n\n\n<li><strong>3rd region in France in terms of the volume of SSE jobs<\/strong><\/li>\n\n\n\n<li><strong>246,065 employees<\/strong> (16% of private-sector employment)<\/li>\n\n\n\n<li><strong>1.2 million volunteers<\/strong><\/li>\n\n\n\n<li><strong>\u20ac6.3 billion in gross payroll<\/strong><\/li>\n<\/ul>\n<\/div>\n<\/div>\n<\/div>\n<\/div>\n<\/div>\n\n\n<ol class=\"wp-block-footnotes has-small-font-size\"><li id=\"090c630a-c23b-4442-9203-c25aef771637\">Source ESS France <a href=\"#090c630a-c23b-4442-9203-c25aef771637-link\" aria-label=\"Jump to footnote reference 1\">\u21a9\ufe0e<\/a><\/li><li id=\"8ff95e6a-9bd5-43e7-8484-926b41d15d50\">Source Insee Flores 2020 &#8211; Mouvement Associatif <a href=\"#8ff95e6a-9bd5-43e7-8484-926b41d15d50-link\" aria-label=\"Jump to footnote reference 2\">\u21a9\ufe0e<\/a><\/li><\/ol>\n\n\n<p><\/p>\n\n\n\n<p><\/p>","protected":false},"excerpt":{"rendered":"<p>L&rsquo;\u00c9conomie Sociale et Solidaire L\u2019\u00c9conomie Sociale et Solidaire (ESS) a un r\u00f4le majeur \u00e0 jouer en faveur de la transition juste pour renforcer la r\u00e9silience des territoires et le bien-\u00eatre de leurs habitants.&nbsp;Elle se caract\u00e9rise par la primaut\u00e9 de l\u2019humain et des objectifs sociaux ou environnementaux sur le profit, la gouvernance d\u00e9mocratique ou participative, ou [&hellip;]<\/p>","protected":false},"author":1,"featured_media":0,"parent":2410,"menu_order":1,"comment_status":"closed","ping_status":"closed","template":"","meta":{"_acf_changed":false,"advgb_blocks_editor_width":"","advgb_blocks_columns_visual_guide":"","footnotes":"[{\"content\":\"Source ESS France\",\"id\":\"090c630a-c23b-4442-9203-c25aef771637\"},{\"content\":\"Source Insee Flores 2020 - Mouvement Associatif\",\"id\":\"8ff95e6a-9bd5-43e7-8484-926b41d15d50\"}]"},"class_list":["post-1720","page","type-page","status-publish","hentry"],"acf":[],"yoast_head":"<!-- This site is optimized with the Yoast SEO plugin v26.5 - https:\/\/yoast.com\/wordpress\/plugins\/seo\/ -->\n<title>L&#039;ESS &#8226; FORUM MONDIAL DE l&#039;\u00c9CONOMIE SOCIALE ET SOLIDAIRE<\/title>\n<meta name=\"robots\" content=\"index, follow, max-snippet:-1, max-image-preview:large, max-video-preview:-1\" \/>\n<link rel=\"canonical\" href=\"https:\/\/bordeauxgsef2025.org\/en\/le-gsef\/ess\/\" \/>\n<meta property=\"og:locale\" content=\"en_US\" \/>\n<meta property=\"og:type\" content=\"article\" \/>\n<meta property=\"og:title\" content=\"L&#039;ESS &#8226; FORUM MONDIAL DE l&#039;\u00c9CONOMIE SOCIALE ET SOLIDAIRE\" \/>\n<meta property=\"og:description\" content=\"L&rsquo;\u00c9conomie Sociale et Solidaire L\u2019\u00c9conomie Sociale et Solidaire (ESS) a un r\u00f4le majeur \u00e0 jouer en faveur de la transition juste pour renforcer la r\u00e9silience des territoires et le bien-\u00eatre de leurs habitants.&nbsp;Elle se caract\u00e9rise par la primaut\u00e9 de l\u2019humain et des objectifs sociaux ou environnementaux sur le profit, la gouvernance d\u00e9mocratique ou participative, ou [&hellip;]\" \/>\n<meta property=\"og:url\" content=\"https:\/\/bordeauxgsef2025.org\/en\/le-gsef\/ess\/\" \/>\n<meta property=\"og:site_name\" content=\"FORUM MONDIAL DE l&#039;\u00c9CONOMIE SOCIALE ET SOLIDAIRE\" \/>\n<meta property=\"article:publisher\" content=\"https:\/\/www.facebook.com\/BordeauxGSEF2025\/\" \/>\n<meta property=\"article:modified_time\" content=\"2025-04-09T14:58:51+00:00\" \/>\n<meta property=\"og:image\" content=\"https:\/\/bordeauxgsef2025.org\/wp-content\/uploads\/2024\/10\/france.png\" \/>\n\t<meta property=\"og:image:width\" content=\"209\" \/>\n\t<meta property=\"og:image:height\" content=\"237\" \/>\n\t<meta property=\"og:image:type\" content=\"image\/png\" \/>\n<meta name=\"twitter:card\" content=\"summary_large_image\" \/>\n<meta name=\"twitter:site\" content=\"@BdxGSEF2025\" \/>\n<script type=\"application\/ld+json\" class=\"yoast-schema-graph\">{\"@context\":\"https:\/\/schema.org\",\"@graph\":[{\"@type\":\"WebPage\",\"@id\":\"https:\/\/bordeauxgsef2025.org\/le-gsef\/ess\/\",\"url\":\"https:\/\/bordeauxgsef2025.org\/le-gsef\/ess\/\",\"name\":\"L'ESS &#8226; FORUM MONDIAL DE l&#039;\u00c9CONOMIE SOCIALE ET SOLIDAIRE\",\"isPartOf\":{\"@id\":\"https:\/\/bordeauxgsef2025.org\/#website\"},\"primaryImageOfPage\":{\"@id\":\"https:\/\/bordeauxgsef2025.org\/le-gsef\/ess\/#primaryimage\"},\"image\":{\"@id\":\"https:\/\/bordeauxgsef2025.org\/le-gsef\/ess\/#primaryimage\"},\"thumbnailUrl\":\"https:\/\/bordeauxgsef2025.org\/wp-content\/uploads\/2024\/10\/france.png\",\"datePublished\":\"2024-10-17T13:42:22+00:00\",\"dateModified\":\"2025-04-09T14:58:51+00:00\",\"breadcrumb\":{\"@id\":\"https:\/\/bordeauxgsef2025.org\/le-gsef\/ess\/#breadcrumb\"},\"inLanguage\":\"en-US\",\"potentialAction\":[{\"@type\":\"ReadAction\",\"target\":[\"https:\/\/bordeauxgsef2025.org\/le-gsef\/ess\/\"]}]},{\"@type\":\"ImageObject\",\"inLanguage\":\"en-US\",\"@id\":\"https:\/\/bordeauxgsef2025.org\/le-gsef\/ess\/#primaryimage\",\"url\":\"https:\/\/bordeauxgsef2025.org\/wp-content\/uploads\/2024\/10\/france.png\",\"contentUrl\":\"https:\/\/bordeauxgsef2025.org\/wp-content\/uploads\/2024\/10\/france.png\"},{\"@type\":\"BreadcrumbList\",\"@id\":\"https:\/\/bordeauxgsef2025.org\/le-gsef\/ess\/#breadcrumb\",\"itemListElement\":[{\"@type\":\"ListItem\",\"position\":1,\"name\":\"Accueil\",\"item\":\"https:\/\/bordeauxgsef2025.org\/\"},{\"@type\":\"ListItem\",\"position\":2,\"name\":\"Le Gsef\",\"item\":\"https:\/\/bordeauxgsef2025.org\/le-gsef\/\"},{\"@type\":\"ListItem\",\"position\":3,\"name\":\"L&rsquo;ESS\"}]},{\"@type\":\"WebSite\",\"@id\":\"https:\/\/bordeauxgsef2025.org\/#website\",\"url\":\"https:\/\/bordeauxgsef2025.org\/\",\"name\":\"FORUM MONDIAL DE l'\u00c9CONOMIE SOCIALE ET SOLIDAIRE\",\"description\":\"Bordeaux 29 30 31 Octobre 2025\",\"publisher\":{\"@id\":\"https:\/\/bordeauxgsef2025.org\/#organization\"},\"alternateName\":\"BORDEAUX GSEF 225\",\"potentialAction\":[{\"@type\":\"SearchAction\",\"target\":{\"@type\":\"EntryPoint\",\"urlTemplate\":\"https:\/\/bordeauxgsef2025.org\/?s={search_term_string}\"},\"query-input\":{\"@type\":\"PropertyValueSpecification\",\"valueRequired\":true,\"valueName\":\"search_term_string\"}}],\"inLanguage\":\"en-US\"},{\"@type\":\"Organization\",\"@id\":\"https:\/\/bordeauxgsef2025.org\/#organization\",\"name\":\"FORUM MONDIAL DE l'\u00c9CONOMIE SOCIALE ET SOLIDAIRE\",\"alternateName\":\"Bordeaux Gsef 2025\",\"url\":\"https:\/\/bordeauxgsef2025.org\/\",\"logo\":{\"@type\":\"ImageObject\",\"inLanguage\":\"en-US\",\"@id\":\"https:\/\/bordeauxgsef2025.org\/#\/schema\/logo\/image\/\",\"url\":\"https:\/\/bordeauxgsef2025.org\/wp-content\/uploads\/2024\/10\/logo-carre-gsef2025.png\",\"contentUrl\":\"https:\/\/bordeauxgsef2025.org\/wp-content\/uploads\/2024\/10\/logo-carre-gsef2025.png\",\"width\":800,\"height\":800,\"caption\":\"FORUM MONDIAL DE l'\u00c9CONOMIE SOCIALE ET SOLIDAIRE\"},\"image\":{\"@id\":\"https:\/\/bordeauxgsef2025.org\/#\/schema\/logo\/image\/\"},\"sameAs\":[\"https:\/\/www.facebook.com\/BordeauxGSEF2025\/\",\"https:\/\/x.com\/BdxGSEF2025\",\"https:\/\/www.linkedin.com\/company\/bordeaux-gsef-2025\/\",\"https:\/\/www.instagram.com\/bordeaux_gsef2025\/\"]}]}<\/script>\n<!-- \/ Yoast SEO plugin. -->","yoast_head_json":{"title":"L'ESS &#8226; FORUM MONDIAL DE l&#039;\u00c9CONOMIE SOCIALE ET SOLIDAIRE","robots":{"index":"index","follow":"follow","max-snippet":"max-snippet:-1","max-image-preview":"max-image-preview:large","max-video-preview":"max-video-preview:-1"},"canonical":"https:\/\/bordeauxgsef2025.org\/en\/le-gsef\/ess\/","og_locale":"en_US","og_type":"article","og_title":"L'ESS &#8226; FORUM MONDIAL DE l&#039;\u00c9CONOMIE SOCIALE ET SOLIDAIRE","og_description":"L&rsquo;\u00c9conomie Sociale et Solidaire L\u2019\u00c9conomie Sociale et Solidaire (ESS) a un r\u00f4le majeur \u00e0 jouer en faveur de la transition juste pour renforcer la r\u00e9silience des territoires et le bien-\u00eatre de leurs habitants.&nbsp;Elle se caract\u00e9rise par la primaut\u00e9 de l\u2019humain et des objectifs sociaux ou environnementaux sur le profit, la gouvernance d\u00e9mocratique ou participative, ou [&hellip;]","og_url":"https:\/\/bordeauxgsef2025.org\/en\/le-gsef\/ess\/","og_site_name":"FORUM MONDIAL DE l&#039;\u00c9CONOMIE SOCIALE ET SOLIDAIRE","article_publisher":"https:\/\/www.facebook.com\/BordeauxGSEF2025\/","article_modified_time":"2025-04-09T14:58:51+00:00","og_image":[{"width":209,"height":237,"url":"https:\/\/bordeauxgsef2025.org\/wp-content\/uploads\/2024\/10\/france.png","type":"image\/png"}],"twitter_card":"summary_large_image","twitter_site":"@BdxGSEF2025","schema":{"@context":"https:\/\/schema.org","@graph":[{"@type":"WebPage","@id":"https:\/\/bordeauxgsef2025.org\/le-gsef\/ess\/","url":"https:\/\/bordeauxgsef2025.org\/le-gsef\/ess\/","name":"L'ESS &#8226; FORUM MONDIAL DE l&#039;\u00c9CONOMIE SOCIALE ET SOLIDAIRE","isPartOf":{"@id":"https:\/\/bordeauxgsef2025.org\/#website"},"primaryImageOfPage":{"@id":"https:\/\/bordeauxgsef2025.org\/le-gsef\/ess\/#primaryimage"},"image":{"@id":"https:\/\/bordeauxgsef2025.org\/le-gsef\/ess\/#primaryimage"},"thumbnailUrl":"https:\/\/bordeauxgsef2025.org\/wp-content\/uploads\/2024\/10\/france.png","datePublished":"2024-10-17T13:42:22+00:00","dateModified":"2025-04-09T14:58:51+00:00","breadcrumb":{"@id":"https:\/\/bordeauxgsef2025.org\/le-gsef\/ess\/#breadcrumb"},"inLanguage":"en-US","potentialAction":[{"@type":"ReadAction","target":["https:\/\/bordeauxgsef2025.org\/le-gsef\/ess\/"]}]},{"@type":"ImageObject","inLanguage":"en-US","@id":"https:\/\/bordeauxgsef2025.org\/le-gsef\/ess\/#primaryimage","url":"https:\/\/bordeauxgsef2025.org\/wp-content\/uploads\/2024\/10\/france.png","contentUrl":"https:\/\/bordeauxgsef2025.org\/wp-content\/uploads\/2024\/10\/france.png"},{"@type":"BreadcrumbList","@id":"https:\/\/bordeauxgsef2025.org\/le-gsef\/ess\/#breadcrumb","itemListElement":[{"@type":"ListItem","position":1,"name":"Accueil","item":"https:\/\/bordeauxgsef2025.org\/"},{"@type":"ListItem","position":2,"name":"Le Gsef","item":"https:\/\/bordeauxgsef2025.org\/le-gsef\/"},{"@type":"ListItem","position":3,"name":"L&rsquo;ESS"}]},{"@type":"WebSite","@id":"https:\/\/bordeauxgsef2025.org\/#website","url":"https:\/\/bordeauxgsef2025.org\/","name":"FORUM MONDIAL DE l'\u00c9CONOMIE SOCIALE ET SOLIDAIRE","description":"Bordeaux 29 30 31 Octobre 2025","publisher":{"@id":"https:\/\/bordeauxgsef2025.org\/#organization"},"alternateName":"BORDEAUX GSEF 225","potentialAction":[{"@type":"SearchAction","target":{"@type":"EntryPoint","urlTemplate":"https:\/\/bordeauxgsef2025.org\/?s={search_term_string}"},"query-input":{"@type":"PropertyValueSpecification","valueRequired":true,"valueName":"search_term_string"}}],"inLanguage":"en-US"},{"@type":"Organization","@id":"https:\/\/bordeauxgsef2025.org\/#organization","name":"FORUM MONDIAL DE l'\u00c9CONOMIE SOCIALE ET SOLIDAIRE","alternateName":"Bordeaux Gsef 2025","url":"https:\/\/bordeauxgsef2025.org\/","logo":{"@type":"ImageObject","inLanguage":"en-US","@id":"https:\/\/bordeauxgsef2025.org\/#\/schema\/logo\/image\/","url":"https:\/\/bordeauxgsef2025.org\/wp-content\/uploads\/2024\/10\/logo-carre-gsef2025.png","contentUrl":"https:\/\/bordeauxgsef2025.org\/wp-content\/uploads\/2024\/10\/logo-carre-gsef2025.png","width":800,"height":800,"caption":"FORUM MONDIAL DE l'\u00c9CONOMIE SOCIALE ET SOLIDAIRE"},"image":{"@id":"https:\/\/bordeauxgsef2025.org\/#\/schema\/logo\/image\/"},"sameAs":["https:\/\/www.facebook.com\/BordeauxGSEF2025\/","https:\/\/x.com\/BdxGSEF2025","https:\/\/www.linkedin.com\/company\/bordeaux-gsef-2025\/","https:\/\/www.instagram.com\/bordeaux_gsef2025\/"]}]}},"coauthors":[],"author_meta":{"author_link":"https:\/\/bordeauxgsef2025.org\/en\/author\/admin-ot\/","display_name":"admin-ot"},"relative_dates":{"created":"Posted 2 years ago","modified":"Updated 1 year ago"},"absolute_dates":{"created":"Posted on 17 October 2024","modified":"Updated on 9 April 2025"},"absolute_dates_time":{"created":"Posted on 17 October 2024 15h42","modified":"Updated on 9 April 2025 16h58"},"featured_img_caption":"","featured_img":false,"series_order":"","_links":{"self":[{"href":"https:\/\/bordeauxgsef2025.org\/en\/wp-json\/wp\/v2\/pages\/1720","targetHints":{"allow":["GET"]}}],"collection":[{"href":"https:\/\/bordeauxgsef2025.org\/en\/wp-json\/wp\/v2\/pages"}],"about":[{"href":"https:\/\/bordeauxgsef2025.org\/en\/wp-json\/wp\/v2\/types\/page"}],"author":[{"embeddable":true,"href":"https:\/\/bordeauxgsef2025.org\/en\/wp-json\/wp\/v2\/users\/1"}],"replies":[{"embeddable":true,"href":"https:\/\/bordeauxgsef2025.org\/en\/wp-json\/wp\/v2\/comments?post=1720"}],"version-history":[{"count":181,"href":"https:\/\/bordeauxgsef2025.org\/en\/wp-json\/wp\/v2\/pages\/1720\/revisions"}],"predecessor-version":[{"id":2774,"href":"https:\/\/bordeauxgsef2025.org\/en\/wp-json\/wp\/v2\/pages\/1720\/revisions\/2774"}],"up":[{"embeddable":true,"href":"https:\/\/bordeauxgsef2025.org\/en\/wp-json\/wp\/v2\/pages\/2410"}],"wp:attachment":[{"href":"https:\/\/bordeauxgsef2025.org\/en\/wp-json\/wp\/v2\/media?parent=1720"}],"curies":[{"name":"wp","href":"https:\/\/api.w.org\/{rel}","templated":true}]}}